{"id":234,"date":"2023-07-17T08:07:46","date_gmt":"2023-07-17T08:07:46","guid":{"rendered":"https:\/\/arel.ro\/ro\/?page_id=234"},"modified":"2025-11-01T10:00:06","modified_gmt":"2025-11-01T08:00:06","slug":"evenimente","status":"publish","type":"page","link":"https:\/\/arel.ro\/ro\/evenimente\/","title":{"rendered":"Evenimente"},"content":{"rendered":"<p>[et_pb_section fb_built=&#8221;1&#8243; _builder_version=&#8221;4.20.4&#8243; _module_preset=&#8221;default&#8221; global_colors_info=&#8221;{}&#8221;][et_pb_row use_custom_gutter=&#8221;on&#8221; _builder_version=&#8221;4.20.4&#8243; _module_preset=&#8221;default&#8221; collapsed=&#8221;on&#8221; global_colors_info=&#8221;{}&#8221;][et_pb_column type=&#8221;4_4&#8243; _builder_version=&#8221;4.20.4&#8243; _module_preset=&#8221;default&#8221; global_colors_info=&#8221;{}&#8221;][et_pb_menu logo=&#8221;https:\/\/arel.ro\/ro\/wp-content\/uploads\/2023\/07\/arel_logo_meniu.png&#8221; logo_url=&#8221;https:\/\/arel.ro\/ro\/&#8221; _builder_version=&#8221;4.21.0&#8243; _module_preset=&#8221;default&#8221; global_colors_info=&#8221;{}&#8221;][\/et_pb_menu][et_pb_divider _builder_version=&#8221;4.20.4&#8243; _module_preset=&#8221;default&#8221; module_alignment=&#8221;center&#8221; global_colors_info=&#8221;{}&#8221;][\/et_pb_divider][\/et_pb_column][\/et_pb_row][et_pb_row _builder_version=&#8221;4.23.1&#8243; _module_preset=&#8221;default&#8221; link_option_url=&#8221;https:\/\/arel.ro\/ro\/&#8221; locked=&#8221;off&#8221; global_colors_info=&#8221;{}&#8221;][et_pb_column type=&#8221;4_4&#8243; _builder_version=&#8221;4.21.0&#8243; _module_preset=&#8221;default&#8221; global_colors_info=&#8221;{}&#8221;][et_pb_accordion _builder_version=&#8221;4.23.1&#8243; _module_preset=&#8221;default&#8221; toggle_level=&#8221;h4&#8243; toggle_font=&#8221;|800|||||||&#8221; toggle_text_align=&#8221;center&#8221; toggle_font_size=&#8221;16px&#8221; background_color=&#8221;#00daf2&#8243; link_option_url=&#8221;https:\/\/arel.ro\/ro\/&#8221; hover_enabled=&#8221;0&#8243; global_colors_info=&#8221;{}&#8221; sticky_enabled=&#8221;0&#8243;][et_pb_accordion_item title=&#8221;Evenimente cu participarea AREL in 2024&#8243; open=&#8221;on&#8221; _builder_version=&#8221;4.23.1&#8243; _module_preset=&#8221;default&#8221; link_option_url=&#8221;https:\/\/anre.ro\/category\/comunicari-publice\/anunturi\/&#8221; link_option_url_new_window=&#8221;on&#8221; global_colors_info=&#8221;{}&#8221;][\/et_pb_accordion_item][\/et_pb_accordion][et_pb_divider _builder_version=&#8221;4.23.1&#8243; _module_preset=&#8221;default&#8221; module_alignment=&#8221;center&#8221; link_option_url=&#8221;https:\/\/arel.ro\/ro\/&#8221; hover_enabled=&#8221;0&#8243; global_colors_info=&#8221;{}&#8221; sticky_enabled=&#8221;0&#8243;][\/et_pb_divider][et_pb_toggle title=&#8221;ASOCIATIA ROAMANA A ELECTRICIENILOR &#8211; AREL Va invita sa participati la seminarul tehnic   Sisteme Avansate de Stocare a Energiei&#8221; _builder_version=&#8221;4.27.0&#8243; _module_preset=&#8221;default&#8221; title_font=&#8221;|700|||||||&#8221; title_text_align=&#8221;center&#8221; title_font_size=&#8221;14px&#8221; closed_title_font=&#8221;|700|||||||&#8221; closed_title_text_align=&#8221;left&#8221; body_font=&#8221;|700|||||||&#8221; body_text_align=&#8221;left&#8221; text_orientation=&#8221;center&#8221; link_option_url_new_window=&#8221;on&#8221; hover_enabled=&#8221;0&#8243; global_colors_info=&#8221;{}&#8221; sticky_enabled=&#8221;0&#8243;]<\/p>\n<p>Seminarul tehnic este organizat impreuna cu furnizorii <strong>SOLAR MD<\/strong> (Africa de Sud) <strong>MEGAREVO<\/strong> (China).<br \/>Seminarul se va desfasura in data de 18 septembrie 2024, incepand cu ora 10:30<br \/>Locatia de desfasurare este sediul <strong>AREL<\/strong> din Bucuresti, Sos. Oltenitei 225A, sectorul 4,<br \/>in incinta <strong>CIAF<\/strong> &#8211; Centrul Incubator de Afaceri, Sala Mare.<\/p>\n<p>Obiectivele evenimentului:<\/p>\n<ul>\n<li>Elemente legislative ale momentului in Romania anului 2024<\/li>\n<li>Prezentarea de solutii si noutati tehnice<\/li>\n<li>Prezentarea de proiecte implementate cu succes in Romania si Europa<\/li>\n<li>Networking<\/li>\n<\/ul>\n<p>Confirmarea participarii se poate face la tel. +4<strong>0722.30.22.44<\/strong><\/p>\n<p>Presedinte <strong>AREL<\/strong>,<br \/><strong>PATRUT Andrei Ionel<\/strong><\/p>\n<p>[\/et_pb_toggle][et_pb_divider _builder_version=&#8221;4.23.1&#8243; _module_preset=&#8221;default&#8221; module_alignment=&#8221;center&#8221; link_option_url=&#8221;https:\/\/arel.ro\/ro\/&#8221; global_colors_info=&#8221;{}&#8221;][\/et_pb_divider][et_pb_accordion _builder_version=&#8221;4.27.0&#8243; _module_preset=&#8221;default&#8221; toggle_level=&#8221;h4&#8243; toggle_font=&#8221;|700|||||||&#8221; toggle_text_align=&#8221;center&#8221; toggle_font_size=&#8221;14px&#8221; background_color=&#8221;RGBA(255,255,255,0)&#8221; link_option_url_new_window=&#8221;on&#8221; hover_enabled=&#8221;0&#8243; global_colors_info=&#8221;{}&#8221; sticky_enabled=&#8221;0&#8243;][et_pb_accordion_item title=&#8221;CURS TEORETIC DE LA DISTANTA DE PREGATIRE IN VEDEREA AUTORIZARII-REAUTORIZARII ANRE &#8221; open=&#8221;on&#8221; open_toggle_text_color=&#8221;#FFFFFF&#8221; closed_toggle_text_color=&#8221;#FFFFFF&#8221; _builder_version=&#8221;4.27.0&#8243; _module_preset=&#8221;default&#8221; background_color=&#8221;#0C71C3&#8243; global_colors_info=&#8221;{}&#8221; toggle_text_color=&#8221;#FFFFFF&#8221; toggle_text_align=&#8221;center&#8221; closed_toggle_font=&#8221;|600|||||||&#8221; closed_toggle_text_align=&#8221;justify&#8221;][\/et_pb_accordion_item][et_pb_accordion_item title=&#8221;INSCRIEREA LA CURSUL TEORETIC DE LA DISTANTA DE PREGATIRE IN VEDEREA AUTORIZARII-REAUTORIZARII ANRE &#8221; _builder_version=&#8221;4.27.0&#8243; _module_preset=&#8221;default&#8221; body_font=&#8221;|600|||||||&#8221; body_text_align=&#8221;left&#8221; background_color=&#8221;RGBA(255,255,255,0)&#8221; global_colors_info=&#8221;{}&#8221; toggle_text_align=&#8221;center&#8221; closed_toggle_text_align=&#8221;center&#8221; closed_toggle_font_size=&#8221;14px&#8221; open=&#8221;off&#8221;]<\/p>\n<h5 style=\"text-align: center;\"><strong>CURS TEORETIC\u00a0DE LA DISTANTA\u00a0DE PREGATIRE IN VEDEREA AUTORIZARII-REAUTORIZARII ANRE A ELECTRICIENILOR, VERIFICATORILOR DE PROIECT SI EXPERTILOR EXTRAJUDICIARI TOAMNA 2024 \u00a0<\/strong>(curs gratuit pentru membri AREL cu cotizatia la zi)<\/h5>\n<h6><strong>CURS CONFORM CERINTEI ANRE \u00a0 Sesiunea de TOAMNA 2024<\/strong><\/h6>\n<ul>\n<li>dobandire autorizare se depune dosarul la ANRE incepand cu 05 august, pana pe 08 septembrie data postei ultima zi de inscriere (cu examen)<\/li>\n<li>reannoire autorizare se depune dosarul la ANRE incepand cu 05 august pana la 08 septembrie data postei ultima zi de inscriere (nu se da examn)<\/li>\n<li>completarea dosarelor dupa caz autorizare\/reautorizare si cu CERTIFICATUL ABSOLVIRE CURS TEORETIC data limita 30 octombrie<\/li>\n<\/ul>\n<pre>Corelat cu programul ANRE pentru sesiunea de primavara \/toamna in Bucuresti cat si in sucursalele din tara. \nATENTIE! CURSUL DE PREGATIRE PENTRU PRIMA AUTORIZARE ANRE ESTE FACULTATIV. \n\n<strong>MODUL \u00a0DE \u00a0DESFASURARE \u00a0AL \u00a0CURSULUI:<\/strong>\nCu frecventa in serii de 2 zile si 3 zile. \nCursurile standard de 3 zile \n<strong>\u2013 luni, marti si miercuri 9 - 16<\/strong> \nCursurile intensiv de 2 zile \n<strong>- vineri si sambata 9 \u2013 19<\/strong>  \n\n<strong>De la distantanta o forma de invatamant moderna si avantajoasa.<\/strong> \nSe vor respecta conditiile impuse prin ordinal ANRE privind cele 20 de ore de curs. \nConditie necesara sa aveti acces la Internet folosind un calculator, tableta ori un smartfon. \nConditii privind desf\u0103\u0219urarea cursului de la distanta. - Studiu individual. \nSe va descarca din platforma DROPBOX pe baza de link, bibliografie, tematica, exemplele de intrebari si raspunsuri, \nexemplele de probleme si rezolvarea acestora, chestionarul de testare. \n* La finalul cursului, certificatele de absolvire vor fi trimise prin curier fiecarui participant, \u00eempreun\u0103 cu factura \nfiscal\u0103 \u00een original. \n\n<strong>PROGRAMUL DESFASURARII CURSULUI TEORETIC DE PREGATIRE IN VEDEREA AUTORIZARII-REAUTORIZARII<\/strong>\n<strong>CU FRECVENTA \/ FARA FRECVENTA DE LA DISTANTA SESIUNEA TOAMNA\u00a0<\/strong> \nMai completa Iunie completa Iulie 29 - 31 completa \u00a0 \nAugust 12 - 14 completa \nAugust 15 - 17 completa - imsat \nAugust 19 - 21 completa \nAugust 22 - 24 completa \nAugust 26 - 27 completa\nAugust 29 - 31 in formare \u00a0 \nSeptembrie 2 - 4 in formare \nSeptembrie 9 - 11 in formare \nSeptembrie 16 - 18 in formare \nSeptembrie 23 - 25 in formare \u00a0 \nOctombrie 7 - 9 in formare \nOctommbrie 14 - 16 in formare \nOctombrie 24 - 26 in formare \nOctombrie in formare \u00a0 \u00a0 \n\n** In functie de inscrieri si anuntarea sesiunii de TOAMNA ANRE programul poate suferii modificari. \u00a0 \nOBIECTIVELE CURSULUI La finalul cursului, absolventul \u00eesi va completa si actualiza cunostintele de specialitate, \nlegislatie, a regulamentelor si a normativelor specifice domeniului electric. \nConcretizandu-se prin eliberarea unui certificat de absolvire \"Curs de pregatire teoretica\" conform tematicii \nsi bibliografiei stabilite si aprobate de ANRE pentru tipul si gradul de autorizare cerut. \u00a0 \n\nCONDITII DE ACCES:\nPe baza dosarului complet de \u00eenscriere la cursuri care cuprinde urmatoarele acte necesare:\n- copie CI; - copie diploma de studii (certificat calificare \u00een domeniul electric); \n- copie autorizatie ANRE (daca este cazul) \n- taxa de \u00eenscriere \n- contract formare profesionala(daca este cazul \u2013 numai societatiile) \n- cerere de \u00eenscriere; \n<strong>Inscrierea si depunerea acestor documente se poate face:<\/strong>\u00a0 \nprin e-mail <a href=\"mailto:asociatia.electricienilor@gmail.com\">asociatia.electricienilor@gmail.com<\/a>  tel: 0722 622 697 \/ 0744 544 886 \u00a0 \n\nPRETUL CURSULUI ELECTRICIENI AUTORIZATI (EA):\n- <strong>gratuit<\/strong> electrician cursant <strong>membru AREL<\/strong> cu o vechime de cel putin 2 ani ca si membru, <strong>cu cotizatia platita \nla zi inclusiv anul in curs<\/strong>. \n- <strong>300 lei<\/strong> fara alte taxe firme sau alti electricieni solicitanti. \u00a0 \n\nPRETUL CURSULUI VERIFICATORI PROIECT(VE) \u00a0+ \u00a0EXPERT TEHNIC EXTRAJUDICIAR (EXP) \n- <strong>200lei<\/strong> fara alte taxe electrician cursant <strong>membru AREL<\/strong> cu o vechime de cel putin 2 ani, <strong>cu cotizatia platita \nla zi inclusiv anul in curs.<\/strong> \n- <strong>400lei<\/strong> fara alte taxe taxe firme sau alti electricieni solicitanti. \n\n<strong>Taxa de \u00eenscriere<\/strong> se poate plati:\n\u00een contul <strong>Asociatiei Rom\u00e2ne a Electricienilor AREL,<\/strong> deschis la <strong>BCR Filiala sector 4<\/strong>, \nCont: <strong>RO13RNCB0278101353220001, CIF: 23941710<\/strong>, \nspecificand  ,,Conform factura numarul si \/ sau pentru nume, prenume cursant\". \n*** Au intaietate membrii AREL. \nAlti electricieni solicitanti in ordinea achitarii contravalorii cursului. \nOrganizatorul isi rezerva dreptul de a amana, introduce sau scoate din program serie\/serii \npentru depasirea\/necompletare a numarului de minim 15 participanti la curs. \n\nTipizatele se solicita prin email de la adresa <a href=\"mailto:asociatia.electricienilor@gmail.com\">asociatia.electricienilor@gmail.com<\/a> \napoi se vor completa in functie de efectuarea platii: angajator sau in nume propriu.<\/pre>\n<p>[\/et_pb_accordion_item][\/et_pb_accordion][et_pb_divider _builder_version=&#8221;4.23.1&#8243; _module_preset=&#8221;default&#8221; module_alignment=&#8221;center&#8221; link_option_url=&#8221;https:\/\/arel.ro\/ro\/&#8221; global_colors_info=&#8221;{}&#8221;][\/et_pb_divider][et_pb_image src=&#8221;https:\/\/arel.ro\/ro\/wp-content\/uploads\/2024\/08\/INDAGRA-2024-landscape.jpg&#8221; title_text=&#8221;INDAGRA 2024 landscape&#8221; url=&#8221;https:\/\/www.indagra.ro\/ro\/&#8221; url_new_window=&#8221;on&#8221; align=&#8221;center&#8221; _builder_version=&#8221;4.27.0&#8243; _module_preset=&#8221;default&#8221; width=&#8221;100%&#8221; max_width=&#8221;100%&#8221; module_alignment=&#8221;center&#8221; height=&#8221;275px&#8221; max_height=&#8221;300px&#8221; global_colors_info=&#8221;{}&#8221;][\/et_pb_image][et_pb_toggle title=&#8221;INDAGRA  2024  \u2013 o experien\u021b\u0103 unic\u0103 de networking agricol&#8221; _builder_version=&#8221;4.27.0&#8243; _module_preset=&#8221;default&#8221; title_font=&#8221;|600|||||||&#8221; title_text_align=&#8221;center&#8221; title_font_size=&#8221;14px&#8221; body_text_align=&#8221;justify&#8221; link_option_url=&#8221;https:\/\/www.indagra.ro\/ro\/&#8221; link_option_url_new_window=&#8221;on&#8221; global_colors_info=&#8221;{}&#8221;]<\/p>\n<pre>Avem pl\u0103cerea de a v\u0103 invita s\u0103 participa\u021bi la <strong>#INDAGRA2024<\/strong>, cel mai important eveniment de networking agricol din Rom\u00e2nia, care se va desf\u0103\u0219ura la <strong>ROMEXPO<\/strong>, \u00een perioada 30 octombrie - 3 noiembrie. Anul acesta, preg\u0103tim o edi\u021bie absolut spectaculoas\u0103, dedicat\u0103 prezent\u0103rii celor mai avansate \u0219i impresionante tehnologii din sectorul agricol.\n<strong>#INDAGRA2024<\/strong> reprezint\u0103 o oportunitate unic\u0103 pentru profesioni\u0219tii din domeniu de a se reuni, de a stabili conexiuni valoroase \u0219i de a \u00eemp\u0103rt\u0103\u0219i cuno\u0219tin\u021be esen\u021biale pentru dezvoltarea agriculturii moderne.\n\u201eConceptul edi\u021biei din acest an pune un accent puternic pe networking \u0219i schimbul de know-how \u00eentre speciali\u0219ti, cre\u00e2nd un cadru ideal pentru colaborare \u0219i inova\u021bie. Speciali\u0219tii vor putea participa la demonstra\u021bii live, sesiuni de networking \u0219i conferin\u021be tematice, toate concepute pentru a le oferi informa\u021bii valoroase \u0219i pentru a-i \u00a0ajuta s\u0103 r\u0103m\u00e2n\u0103 la curent cu cele mai recente tendin\u021be \u0219i inova\u021bii din acest sector\u201d, transmite Oana Netbai, PR <strong>ROMEXPO<\/strong>.\nManifestarea este recunoscut\u0103 pentru tradi\u021bia \u0219i vizibilitatea sa deosebit\u0103 \u00een r\u00e2ndul profesioni\u0219tilor din domeniu \u0219i pentru capacitatea sa de a atrage un num\u0103r impresionant de participan\u021bi.\nAcesta este locul unde companiile \u00ee\u0219i pot prezenta produsele \u0219i serviciile \u00een fa\u021ba unui public specialist, format din poten\u021biali clien\u021bi, parteneri \u0219i investitori.\nNe dorim s\u0103 v\u0103 avem al\u0103turi la aceast\u0103 edi\u021bie memorabil\u0103 a <em>T\u00e2rgului interna\u021bional de produse \u0219i echipamente \u00een domeniul agriculturii, horticulturii, viticulturii \u0219i zootehniei<\/em>, unde \u00eempreun\u0103 vom explora viitorul agriculturii \u0219i vom construi rela\u021bii durabile \u00een industrie.\nNu rata\u021bi \u0219ansa de a face parte din acest eveniment de referin\u021b\u0103 \u0219i de a contribui activ la progresul agriculturii moderne.\nDetalii despre condi\u021biile de participare pe <a href=\"http:\/\/www.indagra.ro\">www.indagra.ro<\/a> sau <a href=\"mailto:romexpo@romexpo.ro\">romexpo@romexpo.ro<\/a><\/pre>\n<p>[\/et_pb_toggle][et_pb_divider _builder_version=&#8221;4.23.1&#8243; _module_preset=&#8221;default&#8221; module_alignment=&#8221;center&#8221; link_option_url=&#8221;https:\/\/arel.ro\/ro\/&#8221; global_colors_info=&#8221;{}&#8221;][\/et_pb_divider][et_pb_image src=&#8221;https:\/\/arel.ro\/ro\/wp-content\/uploads\/2024\/09\/TNI2024-logo20241.jpg&#8221; alt=&#8221;targulnationalimobiliar.ro&#8221; title_text=&#8221;TNI2024-logo20241&#8243; url=&#8221;https:\/\/www.targulnationalimobiliar.ro\/&#8221; url_new_window=&#8221;on&#8221; align=&#8221;center&#8221; _builder_version=&#8221;4.27.0&#8243; _module_preset=&#8221;default&#8221; width=&#8221;51%&#8221; max_width=&#8221;51%&#8221; module_alignment=&#8221;center&#8221; height=&#8221;100px&#8221; max_height=&#8221;200px&#8221; global_colors_info=&#8221;{}&#8221;][\/et_pb_image][et_pb_toggle title=&#8221;ASOCIATIA ROAMANA A ELECTRICIENILOR &#8211; AREL Va invita sa participati la evenimentul  TIRGUL NATIONAL IMOBILIAR&#8221; _builder_version=&#8221;4.27.0&#8243; _module_preset=&#8221;default&#8221; title_font=&#8221;|600|||||||&#8221; title_text_align=&#8221;center&#8221; title_font_size=&#8221;14px&#8221; body_text_align=&#8221;justify&#8221; link_option_url_new_window=&#8221;on&#8221; global_colors_info=&#8221;{}&#8221;]<\/p>\n<pre>Avem pl\u0103cerea de a v\u0103 invita s\u0103 participa\u021bi la evenimentul expozitional <strong> T\u00e2rgul Na\u021bional Imobiliar TNI<\/strong> \ncare se va desfasura in Palatul Parlamentului in perioada 20 - 22 septembrie 2024.\nAccesul se face pe baza unui bilet care are un cost de 20Lei sau prin achizitia acestuia gratuita pina in \ndata de 09 septembrie 2024, utilizand inregistrarea gratuita online aici: <a href=\"http:\/\/targulnationalimobiliar.ro\/\">https:\/\/targulnationalimobiliar.ro\/<\/a><\/pre>\n<p>[\/et_pb_toggle][et_pb_divider _builder_version=&#8221;4.23.1&#8243; _module_preset=&#8221;default&#8221; module_alignment=&#8221;center&#8221; link_option_url=&#8221;https:\/\/arel.ro\/ro\/&#8221; global_colors_info=&#8221;{}&#8221;][\/et_pb_divider][\/et_pb_column][\/et_pb_row][et_pb_row use_custom_gutter=&#8221;on&#8221; _builder_version=&#8221;4.23.1&#8243; _module_preset=&#8221;default&#8221; locked=&#8221;off&#8221; collapsed=&#8221;on&#8221; global_colors_info=&#8221;{}&#8221;][et_pb_column type=&#8221;4_4&#8243; _builder_version=&#8221;4.20.4&#8243; _module_preset=&#8221;default&#8221; global_colors_info=&#8221;{}&#8221;][et_pb_divider _builder_version=&#8221;4.23.1&#8243; _module_preset=&#8221;default&#8221; module_alignment=&#8221;center&#8221; global_colors_info=&#8221;{}&#8221;][\/et_pb_divider][et_pb_toggle title=&#8221;ASOCIATIA ROAMANA A ELECTRICIENILOR &#8211; AREL Va invita sa participati la evenimentul  EXPO KNX ROMANIA&#8221; _builder_version=&#8221;4.27.0&#8243; _module_preset=&#8221;default&#8221; title_font=&#8221;|600|||||||&#8221; title_text_align=&#8221;center&#8221; title_font_size=&#8221;14px&#8221; body_text_align=&#8221;justify&#8221; link_option_url_new_window=&#8221;on&#8221; global_colors_info=&#8221;{}&#8221;]<\/p>\n<pre>Avem pl\u0103cerea de a v\u0103 invita s\u0103 participa\u021bi la evenimentul expozitional  EXPO KNX ROMANIA \ncare se va desfasura in sediul Universitatii Politehnica Bucuresti in perioada 13 - 15 septembrie 2024.\nIntrarea este libera cu conditia inregistrarii online a participarii la eveniment. <br \/>Apasa pentru inregistrare.<a href=\"https:\/\/myconnector.ro\/expo-knx-romania\/1833\/tickets\">https:\/\/myconnector.ro\/expo-knx-romania\/1833\/tickets<\/a><\/pre>\n<p>&nbsp;<\/p>\n<p>[\/et_pb_toggle][et_pb_image src=&#8221;https:\/\/arel.ro\/ro\/wp-content\/uploads\/2024\/09\/KNXNational_ro-1024&#215;778-1.png&#8221; alt=&#8221;knxromania.ro&#8221; title_text=&#8221;KNXNational_ro-1024&#215;778&#8243; url=&#8221;https:\/\/knxromania.ro\/expo-knx\/&#8221; url_new_window=&#8221;on&#8221; align=&#8221;center&#8221; _builder_version=&#8221;4.27.0&#8243; _module_preset=&#8221;default&#8221; width=&#8221;100%&#8221; max_width=&#8221;100%&#8221; module_alignment=&#8221;center&#8221; height=&#8221;241px&#8221; max_height=&#8221;270px&#8221; global_colors_info=&#8221;{}&#8221;][\/et_pb_image][et_pb_divider _builder_version=&#8221;4.23.1&#8243; _module_preset=&#8221;default&#8221; module_alignment=&#8221;center&#8221; global_colors_info=&#8221;{}&#8221;][\/et_pb_divider][\/et_pb_column][\/et_pb_row][et_pb_row _builder_version=&#8221;4.23.1&#8243; _module_preset=&#8221;default&#8221; link_option_url=&#8221;https:\/\/arel.ro\/ro\/&#8221; locked=&#8221;off&#8221; collapsed=&#8221;on&#8221; global_colors_info=&#8221;{}&#8221;][et_pb_column type=&#8221;4_4&#8243; _builder_version=&#8221;4.21.0&#8243; _module_preset=&#8221;default&#8221; global_colors_info=&#8221;{}&#8221;][et_pb_accordion _builder_version=&#8221;4.27.0&#8243; _module_preset=&#8221;default&#8221; toggle_level=&#8221;h4&#8243; toggle_font=&#8221;|700|||||||&#8221; toggle_text_align=&#8221;center&#8221; toggle_font_size=&#8221;14px&#8221; background_color=&#8221;RGBA(255,255,255,0)&#8221; link_option_url_new_window=&#8221;on&#8221; global_colors_info=&#8221;{}&#8221;][et_pb_accordion_item title=&#8221;CURS TEORETIC DE LA DISTANTA DE PREGATIRE IN VEDEREA AUTORIZARII-REAUTORIZARII ANRE &#8221; open=&#8221;on&#8221; open_toggle_text_color=&#8221;#FFFFFF&#8221; closed_toggle_text_color=&#8221;#FFFFFF&#8221; _builder_version=&#8221;4.27.0&#8243; _module_preset=&#8221;default&#8221; background_color=&#8221;#0C71C3&#8243; global_colors_info=&#8221;{}&#8221; toggle_text_color=&#8221;#FFFFFF&#8221; toggle_text_align=&#8221;center&#8221; closed_toggle_font=&#8221;|600|||||||&#8221; closed_toggle_text_align=&#8221;justify&#8221;][\/et_pb_accordion_item][et_pb_accordion_item title=&#8221;INSCRIEREA LA CURSUL TEORETIC DE LA DISTANTA DE PREGATIRE IN VEDEREA AUTORIZARII-REAUTORIZARII ANRE &#8221; _builder_version=&#8221;4.27.0&#8243; _module_preset=&#8221;default&#8221; body_font=&#8221;|600|||||||&#8221; body_text_align=&#8221;left&#8221; background_color=&#8221;RGBA(255,255,255,0)&#8221; global_colors_info=&#8221;{}&#8221; toggle_text_align=&#8221;center&#8221; closed_toggle_text_align=&#8221;center&#8221; closed_toggle_font_size=&#8221;14px&#8221;]<\/p>\n<h5 style=\"text-align: center;\"><strong>CURS TEORETIC\u00a0DE LA DISTANTA\u00a0DE PREGATIRE IN VEDEREA AUTORIZARII-REAUTORIZARII ANRE A ELECTRICIENILOR, VERIFICATORILOR DE PROIECT SI EXPERTILOR EXTRAJUDICIARI TOAMNA 2024 \u00a0<\/strong>(curs gratuit pentru membri AREL cu cotizatia la zi)<\/h5>\n<h6><strong>CURS CONFORM CERINTEI ANRE \u00a0 Sesiunea de TOAMNA 2024<\/strong><\/h6>\n<ul>\n<li>dobandire autorizare se depune dosarul la ANRE incepand cu 05 august, pana pe 08 septembrie data postei ultima zi de inscriere (cu examen)<\/li>\n<li>reannoire autorizare se depune dosarul la ANRE incepand cu 05 august pana la 08 septembrie data postei ultima zi de inscriere (nu se da examn)<\/li>\n<li>completarea dosarelor dupa caz autorizare\/reautorizare si cu CERTIFICATUL ABSOLVIRE CURS TEORETIC data limita 30 octombrie<\/li>\n<\/ul>\n<pre>Corelat cu programul ANRE pentru sesiunea de primavara \/toamna in Bucuresti cat si in sucursalele din tara. \nATENTIE! CURSUL DE PREGATIRE PENTRU PRIMA AUTORIZARE ANRE ESTE FACULTATIV. \n\n<strong>MODUL \u00a0DE \u00a0DESFASURARE \u00a0AL \u00a0CURSULUI:<\/strong>\nCu frecventa in serii de 2 zile si 3 zile. \nCursurile standard de 3 zile \n<strong>\u2013 luni, marti si miercuri 9 - 16<\/strong> \nCursurile intensiv de 2 zile \n<strong>- vineri si sambata 9 \u2013 19<\/strong>  \n\n<strong>De la distantanta o forma de invatamant moderna si avantajoasa.<\/strong> \nSe vor respecta conditiile impuse prin ordinal ANRE privind cele 20 de ore de curs. \nConditie necesara sa aveti acces la Internet folosind un calculator, tableta ori un smartfon. \nConditii privind desf\u0103\u0219urarea cursului de la distanta. - Studiu individual. \nSe va descarca din platforma DROPBOX pe baza de link, bibliografie, tematica, exemplele de intrebari si raspunsuri, \nexemplele de probleme si rezolvarea acestora, chestionarul de testare. \n* La finalul cursului, certificatele de absolvire vor fi trimise prin curier fiecarui participant, \u00eempreun\u0103 cu factura \nfiscal\u0103 \u00een original. \n\n<strong>PROGRAMUL DESFASURARII CURSULUI TEORETIC DE PREGATIRE IN VEDEREA AUTORIZARII-REAUTORIZARII<\/strong>\n<strong>CU FRECVENTA \/ FARA FRECVENTA DE LA DISTANTA SESIUNEA TOAMNA\u00a0<\/strong> \nMai completa Iunie completa Iulie 29 - 31 completa \u00a0 \nAugust 12 - 14 completa \nAugust 15 - 17 completa - imsat \nAugust 19 - 21 completa \nAugust 22 - 24 completa \nAugust 26 - 27 completa\nAugust 29 - 31 in formare \u00a0 \nSeptembrie 2 - 4 in formare \nSeptembrie 9 - 11 in formare \nSeptembrie 16 - 18 in formare \nSeptembrie 23 - 25 in formare \u00a0 \nOctombrie 7 - 9 in formare \nOctommbrie 14 - 16 in formare \nOctombrie 24 - 26 in formare \nOctombrie in formare \u00a0 \u00a0 \n\n** In functie de inscrieri si anuntarea sesiunii de TOAMNA ANRE programul poate suferii modificari. \u00a0 \nOBIECTIVELE CURSULUI La finalul cursului, absolventul \u00eesi va completa si actualiza cunostintele de specialitate, \nlegislatie, a regulamentelor si a normativelor specifice domeniului electric. \nConcretizandu-se prin eliberarea unui certificat de absolvire \"Curs de pregatire teoretica\" conform tematicii \nsi bibliografiei stabilite si aprobate de ANRE pentru tipul si gradul de autorizare cerut. \u00a0 \n\nCONDITII DE ACCES:\nPe baza dosarului complet de \u00eenscriere la cursuri care cuprinde urmatoarele acte necesare:\n- copie CI; - copie diploma de studii (certificat calificare \u00een domeniul electric); \n- copie autorizatie ANRE (daca este cazul) \n- taxa de \u00eenscriere \n- contract formare profesionala(daca este cazul \u2013 numai societatiile) \n- cerere de \u00eenscriere; \n<strong>Inscrierea si depunerea acestor documente se poate face:<\/strong>\u00a0 \nprin e-mail <a href=\"mailto:asociatia.electricienilor@gmail.com\">asociatia.electricienilor@gmail.com<\/a>  tel: 0722 622 697 \/ 0744 544 886 \u00a0 \n\nPRETUL CURSULUI ELECTRICIENI AUTORIZATI (EA):\n- <strong>gratuit<\/strong> electrician cursant <strong>membru AREL<\/strong> cu o vechime de cel putin 2 ani ca si membru, <strong>cu cotizatia platita \nla zi inclusiv anul in curs<\/strong>. \n- <strong>300 lei<\/strong> fara alte taxe firme sau alti electricieni solicitanti. \u00a0 \n\nPRETUL CURSULUI VERIFICATORI PROIECT(VE) \u00a0+ \u00a0EXPERT TEHNIC EXTRAJUDICIAR (EXP) \n- <strong>200lei<\/strong> fara alte taxe electrician cursant <strong>membru AREL<\/strong> cu o vechime de cel putin 2 ani, <strong>cu cotizatia platita \nla zi inclusiv anul in curs.<\/strong> \n- <strong>400lei<\/strong> fara alte taxe taxe firme sau alti electricieni solicitanti. \n\n<strong>Taxa de \u00eenscriere<\/strong> se poate plati:\n\u00een contul <strong>Asociatiei Rom\u00e2ne a Electricienilor AREL,<\/strong> deschis la <strong>BCR Filiala sector 4<\/strong>, \nCont: <strong>RO13RNCB0278101353220001, CIF: 23941710<\/strong>, \nspecificand  ,,Conform factura numarul si \/ sau pentru nume, prenume cursant\". \n*** Au intaietate membrii AREL. \nAlti electricieni solicitanti in ordinea achitarii contravalorii cursului. \nOrganizatorul isi rezerva dreptul de a amana, introduce sau scoate din program serie\/serii \npentru depasirea\/necompletare a numarului de minim 15 participanti la curs. \n\nTipizatele se solicita prin email de la adresa <a href=\"mailto:asociatia.electricienilor@gmail.com\">asociatia.electricienilor@gmail.com<\/a> \napoi se vor completa in functie de efectuarea platii: angajator sau in nume propriu.<\/pre>\n<p>[\/et_pb_accordion_item][\/et_pb_accordion][et_pb_divider _builder_version=&#8221;4.23.1&#8243; _module_preset=&#8221;default&#8221; module_alignment=&#8221;center&#8221; link_option_url=&#8221;https:\/\/arel.ro\/ro\/&#8221; global_colors_info=&#8221;{}&#8221;][\/et_pb_divider][et_pb_divider _builder_version=&#8221;4.23.1&#8243; _module_preset=&#8221;default&#8221; module_alignment=&#8221;center&#8221; link_option_url=&#8221;https:\/\/arel.ro\/ro\/&#8221; global_colors_info=&#8221;{}&#8221;][\/et_pb_divider][et_pb_image src=&#8221;https:\/\/arel.ro\/ro\/wp-content\/uploads\/2024\/08\/INDAGRA-2024-landscape.jpg&#8221; title_text=&#8221;INDAGRA 2024 landscape&#8221; url=&#8221;https:\/\/www.indagra.ro\/ro\/&#8221; url_new_window=&#8221;on&#8221; align=&#8221;center&#8221; _builder_version=&#8221;4.27.0&#8243; _module_preset=&#8221;default&#8221; width=&#8221;100%&#8221; max_width=&#8221;100%&#8221; module_alignment=&#8221;center&#8221; height=&#8221;275px&#8221; max_height=&#8221;300px&#8221; global_colors_info=&#8221;{}&#8221;][\/et_pb_image][et_pb_toggle title=&#8221;INDAGRA  2024  \u2013 o experien\u021b\u0103 unic\u0103 de networking agricol&#8221; _builder_version=&#8221;4.27.0&#8243; _module_preset=&#8221;default&#8221; title_font=&#8221;|600|||||||&#8221; title_text_align=&#8221;center&#8221; title_font_size=&#8221;14px&#8221; body_text_align=&#8221;justify&#8221; link_option_url=&#8221;https:\/\/www.indagra.ro\/ro\/&#8221; link_option_url_new_window=&#8221;on&#8221; global_colors_info=&#8221;{}&#8221;]<\/p>\n<pre>Avem pl\u0103cerea de a v\u0103 invita s\u0103 participa\u021bi la <strong>#INDAGRA2024<\/strong>, cel mai important eveniment de networking agricol din Rom\u00e2nia, care se va desf\u0103\u0219ura la <strong>ROMEXPO<\/strong>, \u00een perioada 30 octombrie - 3 noiembrie. Anul acesta, preg\u0103tim o edi\u021bie absolut spectaculoas\u0103, dedicat\u0103 prezent\u0103rii celor mai avansate \u0219i impresionante tehnologii din sectorul agricol.\n<strong>#INDAGRA2024<\/strong> reprezint\u0103 o oportunitate unic\u0103 pentru profesioni\u0219tii din domeniu de a se reuni, de a stabili conexiuni valoroase \u0219i de a \u00eemp\u0103rt\u0103\u0219i cuno\u0219tin\u021be esen\u021biale pentru dezvoltarea agriculturii moderne.\n\u201eConceptul edi\u021biei din acest an pune un accent puternic pe networking \u0219i schimbul de know-how \u00eentre speciali\u0219ti, cre\u00e2nd un cadru ideal pentru colaborare \u0219i inova\u021bie. Speciali\u0219tii vor putea participa la demonstra\u021bii live, sesiuni de networking \u0219i conferin\u021be tematice, toate concepute pentru a le oferi informa\u021bii valoroase \u0219i pentru a-i \u00a0ajuta s\u0103 r\u0103m\u00e2n\u0103 la curent cu cele mai recente tendin\u021be \u0219i inova\u021bii din acest sector\u201d, transmite Oana Netbai, PR <strong>ROMEXPO<\/strong>.\nManifestarea este recunoscut\u0103 pentru tradi\u021bia \u0219i vizibilitatea sa deosebit\u0103 \u00een r\u00e2ndul profesioni\u0219tilor din domeniu \u0219i pentru capacitatea sa de a atrage un num\u0103r impresionant de participan\u021bi.\nAcesta este locul unde companiile \u00ee\u0219i pot prezenta produsele \u0219i serviciile \u00een fa\u021ba unui public specialist, format din poten\u021biali clien\u021bi, parteneri \u0219i investitori.\nNe dorim s\u0103 v\u0103 avem al\u0103turi la aceast\u0103 edi\u021bie memorabil\u0103 a <em>T\u00e2rgului interna\u021bional de produse \u0219i echipamente \u00een domeniul agriculturii, horticulturii, viticulturii \u0219i zootehniei<\/em>, unde \u00eempreun\u0103 vom explora viitorul agriculturii \u0219i vom construi rela\u021bii durabile \u00een industrie.\nNu rata\u021bi \u0219ansa de a face parte din acest eveniment de referin\u021b\u0103 \u0219i de a contribui activ la progresul agriculturii moderne.\nDetalii despre condi\u021biile de participare pe <a href=\"http:\/\/www.indagra.ro\">www.indagra.ro<\/a> sau <a href=\"mailto:romexpo@romexpo.ro\">romexpo@romexpo.ro<\/a><\/pre>\n<p>[\/et_pb_toggle][et_pb_divider _builder_version=&#8221;4.23.1&#8243; _module_preset=&#8221;default&#8221; module_alignment=&#8221;center&#8221; link_option_url=&#8221;https:\/\/arel.ro\/ro\/&#8221; global_colors_info=&#8221;{}&#8221;][\/et_pb_divider][et_pb_image src=&#8221;https:\/\/arel.ro\/ro\/wp-content\/uploads\/2024\/09\/TNI2024-logo20241.jpg&#8221; alt=&#8221;targulnationalimobiliar.ro&#8221; title_text=&#8221;TNI2024-logo20241&#8243; url=&#8221;https:\/\/www.targulnationalimobiliar.ro\/&#8221; url_new_window=&#8221;on&#8221; align=&#8221;center&#8221; _builder_version=&#8221;4.27.0&#8243; _module_preset=&#8221;default&#8221; width=&#8221;51%&#8221; max_width=&#8221;51%&#8221; module_alignment=&#8221;center&#8221; height=&#8221;100px&#8221; max_height=&#8221;200px&#8221; global_colors_info=&#8221;{}&#8221;][\/et_pb_image][et_pb_toggle title=&#8221;ASOCIATIA ROAMANA A ELECTRICIENILOR &#8211; AREL Va invita sa participati la evenimentul  TIRGUL NATIONAL IMOBILIAR&#8221; _builder_version=&#8221;4.27.0&#8243; _module_preset=&#8221;default&#8221; title_font=&#8221;|600|||||||&#8221; title_text_align=&#8221;center&#8221; title_font_size=&#8221;14px&#8221; body_text_align=&#8221;justify&#8221; link_option_url_new_window=&#8221;on&#8221; global_colors_info=&#8221;{}&#8221;]<\/p>\n<pre>Avem pl\u0103cerea de a v\u0103 invita s\u0103 participa\u021bi la evenimentul expozitional <strong> T\u00e2rgul Na\u021bional Imobiliar TNI<\/strong> \ncare se va desfasura in Palatul Parlamentului in perioada 20 - 22 septembrie 2024.\nAccesul se face pe baza unui bilet care are un cost de 20Lei sau prin achizitia acestuia gratuita pina in \ndata de 09 septembrie 2024, utilizand inregistrarea gratuita online aici: <a href=\"http:\/\/targulnationalimobiliar.ro\/\">https:\/\/targulnationalimobiliar.ro\/<\/a><\/pre>\n<p>[\/et_pb_toggle][et_pb_divider _builder_version=&#8221;4.23.1&#8243; _module_preset=&#8221;default&#8221; module_alignment=&#8221;center&#8221; link_option_url=&#8221;https:\/\/arel.ro\/ro\/&#8221; global_colors_info=&#8221;{}&#8221;][\/et_pb_divider][et_pb_divider _builder_version=&#8221;4.23.1&#8243; _module_preset=&#8221;default&#8221; module_alignment=&#8221;center&#8221; link_option_url=&#8221;https:\/\/arel.ro\/ro\/&#8221; global_colors_info=&#8221;{}&#8221;][\/et_pb_divider][et_pb_accordion _builder_version=&#8221;4.27.0&#8243; _module_preset=&#8221;default&#8221; toggle_level=&#8221;h4&#8243; toggle_font=&#8221;|800|||||||&#8221; toggle_text_align=&#8221;center&#8221; toggle_font_size=&#8221;16px&#8221; background_color=&#8221;#00daf2&#8243; link_option_url_new_window=&#8221;on&#8221; global_colors_info=&#8221;{}&#8221;][et_pb_accordion_item title=&#8221;CURS TEORETIC DE LA DISTANTA DE PREGATIRE IN VEDEREA AUTORIZARII-REAUTORIZARII ANRE &#8221; open=&#8221;on&#8221; _builder_version=&#8221;4.27.0&#8243; _module_preset=&#8221;default&#8221; global_colors_info=&#8221;{}&#8221;]<\/p>\n<h5 style=\"text-align: center;\"><strong>CURS TEORETIC\u00a0DE LA DISTANTA\u00a0DE PREGATIRE IN VEDEREA AUTORIZARII-REAUTORIZARII ANRE A ELECTRICIENILOR, VERIFICATORILOR DE PROIECT SI EXPERTILOR EXTRAJUDICIARI TOAMNA 2024 \u00a0<\/strong>(curs gratuit pentru membri AREL cu cotizatia la zi)<\/h5>\n<pre><strong>Asociatia Rom\u00e2na a Electricienilor AREL<\/strong> este atestata <strong>ANC<\/strong> si avizata <strong>ANRE (aviz nr.16 \/ 2015)<\/strong>pentru a organiza cursuri\nde pregatire teoretica a electricienilor facultative \u00een vederea participarii la primul examen de <strong>autorizare ANRE,<\/strong> \nobligatorii pentru <strong>reinnoirea autorizatiei EA. Atestatului VP, EXP<\/strong>.\u00a0 \n\n\n<\/pre>\n<p>[\/et_pb_accordion_item][et_pb_accordion_item title=&#8221;INSCRIEREA LA CURSUL TEORETIC DE LA DISTANTA DE PREGATIRE IN VEDEREA AUTORIZARII-REAUTORIZARII ANRE &#8221; _builder_version=&#8221;4.27.0&#8243; _module_preset=&#8221;default&#8221; global_colors_info=&#8221;{}&#8221;]<\/p>\n<h5 style=\"text-align: center;\"><strong>CURS TEORETIC\u00a0DE LA DISTANTA\u00a0DE PREGATIRE IN VEDEREA AUTORIZARII-REAUTORIZARII ANRE A ELECTRICIENILOR, VERIFICATORILOR DE PROIECT SI EXPERTILOR EXTRAJUDICIARI TOAMNA 2024 \u00a0<\/strong>(curs gratuit pentru membri AREL cu cotizatia la zi)<\/h5>\n<h6><strong>CURS CONFORM CERINTEI ANRE \u00a0 Sesiunea de TOAMNA 2024<\/strong><\/h6>\n<ul>\n<li>dobandire autorizare se depune dosarul la ANRE incepand cu 05 august, pana pe 08 septembrie data postei ultima zi de inscriere (cu examen)<\/li>\n<li>reannoire autorizare se depune dosarul la ANRE incepand cu 05 august pana la 08 septembrie data postei ultima zi de inscriere (nu se da examn)<\/li>\n<li>completarea dosarelor dupa caz autorizare\/reautorizare si cu CERTIFICATUL ABSOLVIRE CURS TEORETIC data limita 30 octombrie<\/li>\n<\/ul>\n<pre>Corelat cu programul ANRE pentru sesiunea de primavara \/toamna in Bucuresti cat si in sucursalele din tara. \nATENTIE! CURSUL DE PREGATIRE PENTRU PRIMA AUTORIZARE ANRE ESTE FACULTATIV. \n\n<strong>MODUL \u00a0DE \u00a0DESFASURARE \u00a0AL \u00a0CURSULUI:<\/strong>\nCu frecventa in serii de 2 zile si 3 zile. \nCursurile standard de 3 zile \n<strong>\u2013 luni, marti si miercuri 9 - 16<\/strong> \nCursurile intensiv de 2 zile \n<strong>- vineri si sambata 9 \u2013 19<\/strong>  \n\n<strong>De la distantanta o forma de invatamant moderna si avantajoasa.<\/strong> \nSe vor respecta conditiile impuse prin ordinal ANRE privind cele 20 de ore de curs. \nConditie necesara sa aveti acces la Internet folosind un calculator, tableta ori un smartfon. \nConditii privind desf\u0103\u0219urarea cursului de la distanta. - Studiu individual. \nSe va descarca din platforma DROPBOX pe baza de link, bibliografie, tematica, exemplele de intrebari si raspunsuri, <br \/>exemplele de probleme si rezolvarea acestora, chestionarul de testare. \n* La finalul cursului, certificatele de absolvire vor fi trimise prin curier fiecarui participant, \u00eempreun\u0103 cu factura \nfiscal\u0103 \u00een original. \n\n<strong>PROGRAMUL DESFASURARII CURSULUI TEORETIC DE PREGATIRE IN VEDEREA AUTORIZARII-REAUTORIZARII<\/strong>\n<strong>CU FRECVENTA \/ FARA FRECVENTA DE LA DISTANTA SESIUNEA TOAMNA\u00a0<\/strong> \nMai completa Iunie completa Iulie 29 - 31 completa \u00a0 \nAugust 12 - 14 completa \nAugust 15 - 17 completa - imsat \nAugust 19 - 21 completa \nAugust 22 - 24 completa \nAugust 26 - 27 completa\nAugust 29 - 31 in formare \u00a0 \nSeptembrie 2 - 4 in formare \nSeptembrie 9 - 11 in formare \nSeptembrie 16 - 18 in formare \nSeptembrie 23 - 25 in formare \u00a0 \nOctombrie 7 - 9 in formare \nOctommbrie 14 - 16 in formare \nOctombrie 24 - 26 in formare \nOctombrie in formare \u00a0 \u00a0 \n\n** In functie de inscrieri si anuntarea sesiunii de TOAMNA ANRE programul poate suferii modificari. \u00a0 \nOBIECTIVELE CURSULUI La finalul cursului, absolventul \u00eesi va completa si actualiza cunostintele de specialitate, \nlegislatie, a regulamentelor si a normativelor specifice domeniului electric. \nConcretizandu-se prin eliberarea unui certificat de absolvire \"Curs de pregatire teoretica\" conform tematicii \nsi bibliografiei stabilite si aprobate de ANRE pentru tipul si gradul de autorizare cerut. \u00a0 \n\nCONDITII DE ACCES:\nPe baza dosarului complet de \u00eenscriere la cursuri care cuprinde urmatoarele acte necesare:\n- copie CI; - copie diploma de studii (certificat calificare \u00een domeniul electric); \n- copie autorizatie ANRE (daca este cazul) \n- taxa de \u00eenscriere \n- contract formare profesionala(daca este cazul \u2013 numai societatiile) \n- cerere de \u00eenscriere; \n<strong>Inscrierea si depunerea acestor documente se poate face:<\/strong>\u00a0 \nprin e-mail <a href=\"mailto:asociatia.electricienilor@gmail.com\">asociatia.electricienilor@gmail.com<\/a>  tel: 0722 622 697 \/ 0744 544 886 \u00a0 \n\nPRETUL CURSULUI ELECTRICIENI AUTORIZATI (EA):\n- <strong>gratuit<\/strong> electrician cursant <strong>membru AREL<\/strong> cu o vechime de cel putin 2 ani ca si membru, <strong>cu cotizatia platita \nla zi inclusiv anul in curs<\/strong>. \n- <strong>300 lei<\/strong> fara alte taxe firme sau alti electricieni solicitanti. \u00a0 \n\nPRETUL CURSULUI VERIFICATORI PROIECT(VE) \u00a0+ \u00a0EXPERT TEHNIC EXTRAJUDICIAR (EXP) \n- <strong>200lei<\/strong> fara alte taxe electrician cursant <strong>membru AREL<\/strong> cu o vechime de cel putin 2 ani, <strong>cu cotizatia platita \nla zi inclusiv anul in curs.<\/strong> \n- <strong>400lei<\/strong> fara alte taxe taxe firme sau alti electricieni solicitanti. \n\n<strong>Taxa de \u00eenscriere<\/strong> se poate plati:\n\u00een contul <strong>Asociatiei Rom\u00e2ne a Electricienilor AREL,<\/strong> deschis la <strong>BCR Filiala sector 4<\/strong>, \nCont: <strong>RO13RNCB0278101353220001, CIF: 23941710<\/strong>, \nspecificand  ,,Conform factura numarul si \/ sau pentru nume, prenume cursant\". \n*** Au intaietate membrii AREL. \nAlti electricieni solicitanti in ordinea achitarii contravalorii cursului. \nOrganizatorul isi rezerva dreptul de a amana, introduce sau scoate din program serie\/serii \npentru depasirea\/necompletare a numarului de minim 15 participanti la curs. \n\nTipizatele se solicita prin email de la adresa <a href=\"mailto:asociatia.electricienilor@gmail.com\">asociatia.electricienilor@gmail.com<\/a> \napoi se vor completa in functie de efectuarea platii: angajator sau in nume propriu.<\/pre>\n<p>[\/et_pb_accordion_item][et_pb_accordion_item title=&#8221;Autorizare electricieni 2024  &#8211;  Anunturi ANRE&#8221; _builder_version=&#8221;4.27.0&#8243; _module_preset=&#8221;default&#8221; link_option_url=&#8221;https:\/\/anre.ro\/anunt-privind-organizarea-incepand-cu-data-de-05-08-2024-a-sesiunii-de-toamna-2024-de-autorizare-a-electricienilor-in-domeniul-instalatiilor-electrice-verificatorilor-de-proiecte-si-expertilor-tehn\/&#8221; link_option_url_new_window=&#8221;on&#8221; global_colors_info=&#8221;{}&#8221;]<\/p>\n<p>Anun\u0163 privind organizarea, \u00eencep\u00e2nd cu data de 05.08.2024, a sesiunii de Toamn\u0103 2024 de autorizare a electricienilor \u00een domeniul instala\u0163iilor electrice, verificatorilor de proiecte \u015fi exper\u0163ilor tehnici de calitate \u015fi extrajudiciari \u00een domeniul instala\u0163iilor electrice tehnologice, precum \u0219i de vizare a documentelor care atest\u0103 aceste calit\u0103\u021bi.<\/p>\n<p>[\/et_pb_accordion_item][et_pb_accordion_item title=&#8221;Autorizare electricieni 2024  &#8211;  CALENDAR&#8221; _builder_version=&#8221;4.27.0&#8243; _module_preset=&#8221;default&#8221; link_option_url=&#8221;https:\/\/anre.ro\/wp-content\/uploads\/2024\/08\/Anunt-sesiune-el.-TOAMNA-2024.pdf&#8221; link_option_url_new_window=&#8221;on&#8221; global_colors_info=&#8221;{}&#8221;]<\/p>\n<table style=\"border-collapse: collapse; width: 100%; height: 368px;\" border=\"1\">\n<tbody>\n<tr style=\"height: 23px;\">\n<td style=\"width: 17.2715%; height: 23px; text-align: left;\"><strong>05.08.2024\u00a0 &#8211;\u00a0 08.09.2024<\/strong><\/td>\n<td style=\"width: 82.7285%; height: 23px;\"><strong>\u00censcrierea candida\u021bilor la examenele\/interviurile de autorizare, respectiv la vizarea documentelor de\u021binute.<\/strong><\/td>\n<\/tr>\n<tr style=\"height: 47px;\">\n<td style=\"width: 17.2715%; height: 47px; text-align: left;\"><strong>25.10.2024<\/strong><\/td>\n<td style=\"width: 82.7285%; height: 47px;\"><strong>Data limit\u0103 pentru publicarea \u00een portal a listei tuturor candida\u021bilor (solicitan\u021bi care \u00eendeplinesc\/ nu \u00eendeplinesc condi\u021biile prev\u0103zute \u00een Regulament), cu indicarea motivelor de ne\u00eendeplinire, unde este cazul.<\/strong><\/td>\n<\/tr>\n<tr style=\"height: 23px;\">\n<td style=\"width: 17.2715%; height: 23px; text-align: left;\"><strong>30.10.2024<\/strong><\/td>\n<td style=\"width: 82.7285%; height: 23px;\"><strong>Data limit\u0103 pentru completarea dosarelor (dup\u0103 caz), prin \u00eenc\u0103rcarea documentelor lips\u0103 \u00een portal.<\/strong><\/td>\n<\/tr>\n<tr style=\"height: 71px;\">\n<td style=\"width: 17.2715%; height: 71px; text-align: left;\"><strong>04.11.2024<\/strong><\/td>\n<td style=\"width: 82.7285%; height: 71px;\"><strong>Data limit\u0103 pentru publicarea \u00een portal a listei finale a tuturor candida\u021bilor (solicitan\u021bi care \u00eendeplinesc-propu\u0219i la examen, propu\u0219i la prelungire\/vizare\/ nu \u00eendeplinesc condi\u021biile prev\u0103zute \u00een Regulament-neadmi\u0219i), cu indicarea motivelor de ne\u00eendeplinire, unde este cazuL.<\/strong><\/td>\n<\/tr>\n<tr style=\"height: 190px;\">\n<td style=\"width: 17.2715%; height: 89px; text-align: left;\"><strong>06.11.2024<\/strong><\/td>\n<td style=\"width: 82.7285%; height: 89px;\"><strong>Publicarea listelor aferente fiec\u0103rui centru, cu precizarea seriei \u00een care vor fi programa\u021bi candida\u021bii propu\u0219i la examen, conform informa\u021biilor ce vor fi disponibile pe https:\/\/spv.anre.ro\/examene-electricieni\/. Publicarea listelor aferente program\u0103rii la interviu a candida\u021bilor la ob\u021binerea calit\u0103\u021bilor de verificatorilor de proiecte \u015fi exper\u0163ilor tehnici de calitate \u015fi extrajudiciari \u00een domeniul instala\u0163iilor electrice tehnologice.<\/strong><\/td>\n<\/tr>\n<tr style=\"height: 23px;\">\n<td style=\"width: 17.2715%; height: 23px; text-align: left;\"><strong>08.11.2024\u00a0 &#8211;\u00a0 29.11.2024<\/strong><\/td>\n<td style=\"width: 82.7285%; height: 23px;\"><strong>Desf\u0103\u0219urarea examenelor de autorizare ca electrician.<\/strong><\/td>\n<\/tr>\n<tr style=\"height: 23px;\">\n<td style=\"width: 17.2715%; height: 23px; text-align: left;\"><strong>02.12.2024\u00a0 &#8211;\u00a0 06.12.2024<\/strong><\/td>\n<td style=\"width: 82.7285%; height: 23px;\">Desf\u0103\u0219u<strong>rarea interviurilor de autorizare ca verificator de proiecte \u015fi expert tehnic de calitate \u015fi extrajudiciar \u00een domeniul instala\u0163iilor electrice tehnologice.<\/strong><\/td>\n<\/tr>\n<\/tbody>\n<\/table>\n<p>[\/et_pb_accordion_item][\/et_pb_accordion][\/et_pb_column][\/et_pb_row][et_pb_row _builder_version=&#8221;4.23.1&#8243; _module_preset=&#8221;default&#8221; locked=&#8221;off&#8221; collapsed=&#8221;on&#8221; global_colors_info=&#8221;{}&#8221;][et_pb_column type=&#8221;4_4&#8243; _builder_version=&#8221;4.23.1&#8243; _module_preset=&#8221;default&#8221; global_colors_info=&#8221;{}&#8221;][et_pb_image src=&#8221;https:\/\/arel.ro\/ro\/wp-content\/uploads\/2023\/12\/970x180px_MS-TIB.jpg&#8221; alt=&#8221;MetalShow-2024-1&#8243; title_text=&#8221;MetalShow-2024-1&#8243; url=&#8221;https:\/\/www.metalshow-tib.ro\/?utm_source=arel.ro&#038;utm_medium=banner&#038;utm_campaign=MST_24_rezerva+stand&#038;utm_id=MST_24_rezerva+stand&#8221; url_new_window=&#8221;on&#8221; align=&#8221;center&#8221; _builder_version=&#8221;4.23.1&#8243; _module_preset=&#8221;default&#8221; global_colors_info=&#8221;{}&#8221;][\/et_pb_image][\/et_pb_column][\/et_pb_row][et_pb_row _builder_version=&#8221;4.23.1&#8243; _module_preset=&#8221;default&#8221; link_option_url=&#8221;https:\/\/arel.ro\/ro\/&#8221; locked=&#8221;off&#8221; collapsed=&#8221;on&#8221; global_colors_info=&#8221;{}&#8221;][et_pb_column type=&#8221;4_4&#8243; _builder_version=&#8221;4.21.0&#8243; _module_preset=&#8221;default&#8221; global_colors_info=&#8221;{}&#8221;][et_pb_divider _builder_version=&#8221;4.23.1&#8243; _module_preset=&#8221;default&#8221; module_alignment=&#8221;center&#8221; link_option_url=&#8221;https:\/\/arel.ro\/ro\/&#8221; global_colors_info=&#8221;{}&#8221;][\/et_pb_divider][et_pb_accordion _builder_version=&#8221;4.25.1&#8243; _module_preset=&#8221;default&#8221; toggle_level=&#8221;h4&#8243; toggle_font=&#8221;|800|||||||&#8221; toggle_text_align=&#8221;center&#8221; toggle_font_size=&#8221;16px&#8221; background_color=&#8221;#00daf2&#8243; global_colors_info=&#8221;{}&#8221;][et_pb_accordion_item title=&#8221;INVITATIE&#8221; open=&#8221;on&#8221; _builder_version=&#8221;4.25.1&#8243; _module_preset=&#8221;default&#8221; link_option_url=&#8221;https:\/\/arel.ro&#8221; link_option_url_new_window=&#8221;on&#8221; global_colors_info=&#8221;{}&#8221;]<\/p>\n<h6 style=\"text-align: center;\"><strong>AREL<\/strong> Asociatia Romana a Electticienilor, \u00een parteneriat cu <a href=\"https:\/\/www.electricianul.ro\/\" target=\"_blank\" rel=\"noopener\"><strong>Revista ELECTRICIANUL<\/strong><\/a> si <a href=\"https:\/\/asociatiaroelectric.ro\/\" target=\"_blank\" rel=\"noopener\"><strong>Asociatia RoElectric<\/strong><\/a>, organizeaza conferinta<\/h6>\n<h4 style=\"text-align: center;\">&#8222;<strong>Siguranta si securitatea in exploatare a instalatiilor electrice si protectia la incendiu<\/strong>&#8222;<\/h4>\n<h6 style=\"text-align: center;\">Evenimentu se va desfasura vineri, 17 mai 2024, intre orele 11,00 &#8211; 14,00, la ROMEXPO, pavilionul B2, sala &#8222;Virgil Madgearu&#8221;, etaj 1, in cadrul expozitiilor TIB-T\u00e2rgul International Bucuresti &#8211; METAL SHOW.<\/h6>\n<p>&nbsp;<\/p>\n<p>Va a\u0219tept\u0103m s\u0103 participati pentru a afla nout\u0103\u021bi la zi despre:<br \/>&#8211; legisla\u021bie si normative \u00een domeniul electric;<br \/>&#8211; proiectarea, executia si service-mentenanta instala\u021biilor electrice, \u00een general, si a celor de protec\u021bie incendiu, \u00een special;<br \/>&#8211; protec\u021bia sistemelor fotovoltaice;<br \/>&#8211; noi metode de inspec\u021bie \u0219i verific\u0103ri ale instala\u021biilor\u00a0electrice.<\/p>\n<p>[\/et_pb_accordion_item][\/et_pb_accordion][\/et_pb_column][\/et_pb_row][et_pb_row _builder_version=&#8221;4.24.0&#8243; _module_preset=&#8221;default&#8221; locked=&#8221;off&#8221; collapsed=&#8221;on&#8221; global_colors_info=&#8221;{}&#8221;][et_pb_column type=&#8221;4_4&#8243; _builder_version=&#8221;4.24.0&#8243; _module_preset=&#8221;default&#8221; global_colors_info=&#8221;{}&#8221;][et_pb_accordion _builder_version=&#8221;4.24.2&#8243; _module_preset=&#8221;default&#8221; toggle_font_size=&#8221;10px&#8221; closed_toggle_font_size=&#8221;15px&#8221; body_font_size=&#8221;10px&#8221; body_line_height=&#8221;1.4em&#8221; link_option_url=&#8221;https:\/\/www.romtherm.ro\/ro\/&#8221; link_option_url_new_window=&#8221;on&#8221; locked=&#8221;off&#8221; global_colors_info=&#8221;{}&#8221;][et_pb_accordion_item title=&#8221;EVENIMENT EXPOZITIONAL COMPLEX LA PAVILIOANELE ROMEXPO BUCURESTI&#8221; open=&#8221;on&#8221; _builder_version=&#8221;4.24.0&#8243; _module_preset=&#8221;default&#8221; link_option_url=&#8221;https:\/\/www.romexpo.ro\/&#8221; link_option_url_new_window=&#8221;on&#8221; global_colors_info=&#8221;{}&#8221; toggle_font=&#8221;|800|||||||&#8221; toggle_text_align=&#8221;center&#8221; toggle_font_size=&#8221;12px&#8221; closed_toggle_font=&#8221;|800|||||||&#8221; closed_toggle_text_align=&#8221;center&#8221; closed_toggle_font_size=&#8221;12px&#8221;][\/et_pb_accordion_item][et_pb_accordion_item title=&#8221;ROMTHERM  2024&#8243; _builder_version=&#8221;4.24.0&#8243; _module_preset=&#8221;default&#8221; link_option_url=&#8221;https:\/\/www.romtherm.ro\/ro\/&#8221; link_option_url_new_window=&#8221;on&#8221; global_colors_info=&#8221;{}&#8221; toggle_font=&#8221;|800|||||||&#8221; toggle_text_align=&#8221;center&#8221; toggle_font_size=&#8221;10px&#8221; closed_toggle_font=&#8221;|800|||||||&#8221; closed_toggle_text_align=&#8221;center&#8221; closed_toggle_font_size=&#8221;10px&#8221;][\/et_pb_accordion_item][et_pb_accordion_item title=&#8221;COMUNICAT DE PRESA&#8221; _builder_version=&#8221;4.24.2&#8243; _module_preset=&#8221;default&#8221; link_option_url_new_window=&#8221;on&#8221; global_colors_info=&#8221;{}&#8221; toggle_font=&#8221;|800|||||||&#8221; toggle_text_align=&#8221;center&#8221; toggle_font_size=&#8221;10px&#8221; closed_toggle_font=&#8221;|800|||||||&#8221; closed_toggle_text_align=&#8221;center&#8221; closed_toggle_font_size=&#8221;10px&#8221;]<\/p>\n<h4 style=\"text-align: center;\"><strong>TotulPentruCasaTa2024 &#8211; revolu\u021bia verde din domeniul construc\u021biilor, amenaj\u0103rilor interioare \u0219i exterioare<\/strong><\/h4>\n<p>\u00cen perioada 14 \u2013 17 martie, <strong>ROMEXPO<\/strong> organizeaz\u0103 <strong>TotulPentruCasaTa2024<\/strong> \u2013 conceptul home &amp; deco care reune\u0219te tematicile t\u00e2rgurilor:<\/p>\n<h4 style=\"text-align: center;\"><strong><em>Construct Ambient Expo<\/em><\/strong>,\u00a0 <strong><em>Romtherm<\/em><\/strong>,\u00a0 <strong><em>Mobila Expo<\/em><\/strong> \u0219i\u00a0 <strong><em>Expo Flowers &amp; Garden<\/em><\/strong>.<\/h4>\n<p>Peste 155 de companii, din 13 \u021b\u0103ri (Bulgaria, China, Grecia, India, Italia, Polonia, Rom\u00e2nia, Serbia, Slovacia, Spania, Turcia, Ucraina \u0219i Ungaria), particip\u0103 la <strong>TotulPentruCasaTa2024<\/strong> cu cele mai inspirate proiecte de construc\u021bii, arhitectur\u0103, design interior \u0219i exterior. Manifestarea \u00eenregistreaz\u0103 un grad de interna\u021bionalizare de 27%, fiind prezente 112 firme din Rom\u00e2nia \u0219i 43 din str\u0103in\u0103tate.<\/p>\n<p>\u201eNe bucur\u0103m c\u0103 \u0219i la edi\u021bia de anul acesta am reu\u0219it s\u0103 aducem sub acela\u0219i acoperi\u0219 pasiunea pentru design interior, func\u021bionalitate \u0219i bun-gust<strong>. #TotulPentruCasaTa2024<\/strong> este mai mult dec\u00e2t un simplu concept \u2013 este o comunitate de speciali\u0219ti care vine \u00een \u00eent\u00e2mpinarea celor care doresc s\u0103-\u0219i transforme casa \u00eentr-un spa\u021biu personalizat cu stil, dar \u0219i cu grij\u0103 fa\u021b\u0103 de mediul \u00eenconjur\u0103tor. Cei care sunt \u00een c\u0103utarea unor obiecte de mobilier deosebite la pre\u021buri speciale, decora\u021biuni elegante, materiale ecologice sau solu\u021bii practice pentru construc\u021bii \u0219i amenajare, g\u0103sesc la <strong>ROMEXPO<\/strong> totul pentru a transforma locuin\u021ba \u00eentr-un loc \u00een care s\u0103 se simt\u0103 cu adev\u0103rat acas\u0103\u201d, transmite Oana Netbai \u2013 PR <strong>ROMEXPO<\/strong>.<\/p>\n<p>Timp de 4 zile, vizitatorii au ocazia s\u0103 descopere standuri pline de idei creative, s\u0103 se lase captiva\u021bi de culori \u0219i texturi \u0219i s\u0103 descopere proiecte spectaculoase pentru amenajarea spa\u021biului de lucru sau de locuit.<\/p>\n<p>La\u00a0 <strong>TotulPentruCasaTa2024\u00a0 <\/strong>sunt prezen\u021bi exper\u021bi \u00een construc\u021bii, arhitectur\u0103, design interior \u0219i exterior, produc\u0103tori de mobilier de calitate \u0219i creatori de decora\u021biuni unice, care ofer\u0103 vizitatorilor posibilitatea de a se inspira dintr-o varietate de stiluri \u0219i concepte.<\/p>\n<h4><strong>CONSTRUCT AMBIENT EXPO 2024\u00a0<\/strong><\/h4>\n<p><span>pune accentul pe ideea de sustenabilitate \u00een construc\u021bii \u0219i amenajare interioar\u0103 \u0219i exterioar\u0103, utilizarea materialelor ecologice \u0219i a tehnologiilor prietenoase cu mediul, \u00eentr-un demers comun de a reduce semnificativ impactul asupra resurselor naturale.<\/span><\/p>\n<p><span>Pe l\u00e2ng\u0103 partea expozi\u021bional\u0103, <strong>Construct &#8211; Ambient Expo<\/strong> este \u0219i o platform\u0103 de dezbatere, \u00een care constructorii, proiectan\u021bii, arhitec\u021bii \u0219i speciali\u0219tii \u00een design prezint\u0103 evolu\u021bia sectorului home &amp; deco \u0219i necesitatea digitaliz\u0103rii proceselor de planificare \u0219i construc\u021bii, ce servesc la optimizarea activit\u0103\u021bilor \u0219i reducerea costurilor.<\/span><\/p>\n<h4><span><strong>ROMTHERM 2024\u00a0<\/strong><\/span><\/h4>\n<p><span>Promoveaz\u0103 integrarea principiilor sustenabilit\u0103\u021bii \u0219i inova\u021biei \u00een domeniul instala\u021biilor din Rom\u00e2nia, adoptarea unor abord\u0103ri responsabile pentru mediu \u0219i utilizarea tehnologiilor de top pentru construirea unui viitor durabil \u0219i smart.<\/span><\/p>\n<p><span>\u00cen plus, evenimentul prezint\u0103 instrumentele care reduc amprenta de carbon \u0219i optimizeaz\u0103 consumul de energie. Sistemele de \u00eenc\u0103lzire, ventila\u021bie, aer condi\u021bionat, alimentare cu ap\u0103 \u0219i sanitare sunt zone cheie \u00een care inova\u021biile tehnologice pot aduce beneficii semnificative.<\/span><\/p>\n<h4><strong>MOBILA EXPO 2024\u00a0 <\/strong><\/h4>\n<p>Eveniment de tradi\u021bie organizat \u00een parteneriat cu <em>Asocia\u021bia Produc\u0103torilor de Mobil\u0103 din Rom\u00e2nia<\/em><strong> &#8211; <\/strong>se adreseaz\u0103 celor care doresc s\u0103 g\u0103seasc\u0103 \u0219i s\u0103 achizi\u021bioneze direct de la companii produc\u0103toare, la pre\u021buri avantajoase, diverse tipuri de mobilier destinate locuin\u021bei sau biroului.<\/p>\n<h4><strong>EXPO FLOWERS &amp; GARDEN 2024 <\/strong><\/h4>\n<p>Manifestarea prezint\u0103 evolu\u021bia sectorului amenaj\u0103rilor peisagistice \u0219i orientarea spre sustenabilitatea spa\u021biilor verzi durabile. \u00cen cadrul expozi\u021biei, sunt prezentate proiecte de gr\u0103dini cu plante autohtone, sisteme de irigare eficiente \u0219i tehnologiile care asigur\u0103 o gestionare eficient\u0103 a apei.<\/p>\n<p>Pentru profesioni\u0219tii din domeniu, <strong>#TotulPentruCasaTa2024 <\/strong>reprezint\u0103 locul ideal pentru networking \u0219i parteneriate cu furnizorii de top. Nu rata\u021bi ocazia de a face parte din aceast\u0103 experien\u021b\u0103 captivant\u0103 \u0219i de a construi leg\u0103turi cu profesioni\u0219tii din industria home &amp; deco.<\/p>\n<p><strong>Program de vizitare:<\/strong><\/p>\n<p>14 \u2013 16 martie, \u00een intervalul orar 10:00 \u2013 18:00<\/p>\n<p>17 martie, \u00een intervalul orar 10:00 \u2013 16:00<\/p>\n<p><strong>\u00a0<\/strong><strong>Acces Gratuit<\/strong><\/p>\n<p>[\/et_pb_accordion_item][et_pb_accordion_item title=&#8221;COMUNICAT DE PRESA DUPA EVENIMENT&#8221; _builder_version=&#8221;4.24.2&#8243; _module_preset=&#8221;default&#8221; link_option_url_new_window=&#8221;on&#8221; global_colors_info=&#8221;{}&#8221; toggle_font=&#8221;|800|||||||&#8221; toggle_text_align=&#8221;center&#8221; toggle_font_size=&#8221;10px&#8221; closed_toggle_font=&#8221;|800|||||||&#8221; closed_toggle_text_align=&#8221;center&#8221; closed_toggle_font_size=&#8221;10px&#8221;]<\/p>\n<h4 style=\"text-align: center;\"><strong>TotulPentruCasaTa2024<\/strong><\/h4>\n<p><strong>Peste 10.000 de vizitatori au ajuns la ROMEXPO cu prilejul #TotulPentruCasaTa2024<\/strong><\/p>\n<p>\u00cen perioada 14 \u2013 17 martie, <strong>ROMEXPO<\/strong> a organizat <strong>#TotulPentruCasaTa2024<\/strong> &#8211; un concept dedicat sectorului home &amp; deco &#8211; care a adus \u00eempreun\u0103 tematicile t\u00e2rgurilor: <em>Construct Ambient Expo<\/em>, <em>Romtherm<\/em>, <em>Mobila Expo<\/em> \u0219i <em>Expo Flowers &amp; Garden<\/em>.<\/p>\n<p>Peste 10.000 de vizitatori, speciali\u0219ti \u0219i public larg, au ajuns \u00een Centrul Expozi\u021bional \u0219i s-au inspirat din cele mai spectaculoase proiecte de design.<\/p>\n<p>La eveniment au participat 155 de companii, din 13 \u021b\u0103ri (Bulgaria, China, Grecia, India, Italia, Polonia, Rom\u00e2nia, Serbia, Slovacia, Spania, Turcia, Ucraina \u0219i Ungaria). Gradul de interna\u021bionalizare a atins 27%, cu 112 firme rom\u00e2ne\u0219ti \u0219i 43 din str\u0103in\u0103tate.<\/p>\n<p>\u201eA fost o ocazie deosebit\u0103 pentru participan\u021bi s\u0103 descopere cele mai recente tendin\u021be \u0219i inova\u021bii \u00een domeniul construc\u021biilor \u0219i amenaj\u0103rilor interioare \u0219i exterioare. Ne-am bucurat s\u0103 fim martorii schimbului de idei \u0219i experien\u021be \u00eentre profesioni\u0219tii din aceste domenii \u0219i abia a\u0219tept\u0103m s\u0103 ne revedem la edi\u021bia de anul viitor&#8221;, transmite Oana Netbai \u2013 PR ROMEXPO.<\/p>\n<p>&nbsp;<\/p>\n<p>&nbsp;<\/p>\n<p><strong><\/strong><\/p>\n<p>&nbsp;<\/p>\n<p>[\/et_pb_accordion_item][\/et_pb_accordion][\/et_pb_column][\/et_pb_row][et_pb_row use_custom_gutter=&#8221;on&#8221; _builder_version=&#8221;4.20.4&#8243; _module_preset=&#8221;default&#8221; locked=&#8221;off&#8221; collapsed=&#8221;on&#8221; global_colors_info=&#8221;{}&#8221;][et_pb_column type=&#8221;4_4&#8243; _builder_version=&#8221;4.20.4&#8243; _module_preset=&#8221;default&#8221; global_colors_info=&#8221;{}&#8221;][et_pb_text _builder_version=&#8221;4.20.4&#8243; _module_preset=&#8221;default&#8221; global_colors_info=&#8221;{}&#8221;][\/et_pb_text][\/et_pb_column][\/et_pb_row][et_pb_row column_structure=&#8221;1_4,1_4,1_4,1_4&#8243; _builder_version=&#8221;4.24.0&#8243; _module_preset=&#8221;default&#8221; locked=&#8221;off&#8221; collapsed=&#8221;on&#8221; global_colors_info=&#8221;{}&#8221;][et_pb_column type=&#8221;1_4&#8243; _builder_version=&#8221;4.24.0&#8243; _module_preset=&#8221;default&#8221; global_colors_info=&#8221;{}&#8221;][et_pb_image src=&#8221;https:\/\/arel.ro\/ro\/wp-content\/uploads\/2024\/02\/RomTherm2024-1.jpg&#8221; alt=&#8221;RomTherm 2024&#8243; title_text=&#8221;RomTherm 2024&#8243; url=&#8221;https:\/\/www.romtherm.ro\/ro\/&#8221; url_new_window=&#8221;on&#8221; _builder_version=&#8221;4.24.0&#8243; _module_preset=&#8221;default&#8221; global_colors_info=&#8221;{}&#8221;][\/et_pb_image][\/et_pb_column][et_pb_column type=&#8221;1_4&#8243; _builder_version=&#8221;4.24.0&#8243; _module_preset=&#8221;default&#8221; global_colors_info=&#8221;{}&#8221;][et_pb_image src=&#8221;https:\/\/arel.ro\/ro\/wp-content\/uploads\/2024\/02\/360-x-360-px-Expo-Flowers-2024.jpg&#8221; alt=&#8221;Expo Flower 2024&#8243; title_text=&#8221;360 x 360 px &#8211; Expo Flowers 2024&#8243; url=&#8221;https:\/\/www.expoflowers.ro\/ro\/&#8221; url_new_window=&#8221;on&#8221; _builder_version=&#8221;4.24.0&#8243; _module_preset=&#8221;default&#8221; global_colors_info=&#8221;{}&#8221;][\/et_pb_image][\/et_pb_column][et_pb_column type=&#8221;1_4&#8243; _builder_version=&#8221;4.24.0&#8243; _module_preset=&#8221;default&#8221; global_colors_info=&#8221;{}&#8221;][et_pb_image src=&#8221;https:\/\/arel.ro\/ro\/wp-content\/uploads\/2024\/02\/ConstructAmbient2024-1.jpg&#8221; title_text=&#8221;ConstructAmbient2024&#8243; url=&#8221;https:\/\/construct-ambientexpo.ro\/ro\/&#8221; url_new_window=&#8221;on&#8221; _builder_version=&#8221;4.24.0&#8243; _module_preset=&#8221;default&#8221; global_colors_info=&#8221;{}&#8221;][\/et_pb_image][\/et_pb_column][et_pb_column type=&#8221;1_4&#8243; _builder_version=&#8221;4.24.0&#8243; _module_preset=&#8221;default&#8221; global_colors_info=&#8221;{}&#8221;][et_pb_image src=&#8221;https:\/\/arel.ro\/ro\/wp-content\/uploads\/2024\/02\/ExpoMobila2024.jpg&#8221; alt=&#8221;ExpoMobila 2024&#8243; title_text=&#8221;ExpoMobila2024&#8243; url=&#8221;https:\/\/mobila-expo.ro\/ro\/&#8221; url_new_window=&#8221;on&#8221; _builder_version=&#8221;4.24.0&#8243; _module_preset=&#8221;default&#8221; global_colors_info=&#8221;{}&#8221;][\/et_pb_image][\/et_pb_column][\/et_pb_row][et_pb_row use_custom_gutter=&#8221;on&#8221; _builder_version=&#8221;4.23.1&#8243; _module_preset=&#8221;default&#8221; locked=&#8221;off&#8221; collapsed=&#8221;on&#8221; global_colors_info=&#8221;{}&#8221;][et_pb_column type=&#8221;4_4&#8243; _builder_version=&#8221;4.20.4&#8243; _module_preset=&#8221;default&#8221; global_colors_info=&#8221;{}&#8221;][et_pb_divider _builder_version=&#8221;4.23.1&#8243; _module_preset=&#8221;default&#8221; module_alignment=&#8221;center&#8221; global_colors_info=&#8221;{}&#8221;][\/et_pb_divider][\/et_pb_column][\/et_pb_row][et_pb_row _builder_version=&#8221;4.24.2&#8243; _module_preset=&#8221;default&#8221; module_alignment=&#8221;center&#8221; link_option_url=&#8221;https:\/\/greenenergyexpo-romenvirotec.ro\/inregistrare-online\/?utm_source=arel.ro&#038;utm_medium=banner&#038;utm_id=GEER_24_descarca_invitatia&#8221; link_option_url_new_window=&#8221;on&#8221; locked=&#8221;off&#8221; collapsed=&#8221;on&#8221; global_colors_info=&#8221;{}&#8221;][et_pb_column type=&#8221;4_4&#8243; _builder_version=&#8221;4.24.2&#8243; _module_preset=&#8221;default&#8221; link_option_url=&#8221;https:\/\/greenenergyexpo-romenvirotec.ro\/inregistrare-online\/?utm_source=arel.ro&#038;utm_medium=banner&#038;utm_id=GEER_24_descarca_invitatia&#8221; link_option_url_new_window=&#8221;on&#8221; global_colors_info=&#8221;{}&#8221;][et_pb_image src=&#8221;https:\/\/arel.ro\/ro\/wp-content\/uploads\/2024\/03\/GEER_970-x-180-px.gif&#8221; title_text=&#8221;GEER_970 x 180 px&#8221; url=&#8221;https:\/\/greenenergyexpo-romenvirotec.ro\/inregistrare-online\/?utm_source=arel.ro&#038;utm_medium=banner&#038;utm_id=GEER_24_descarca_invitatia&#8221; url_new_window=&#8221;on&#8221; _builder_version=&#8221;4.24.2&#8243; _module_preset=&#8221;default&#8221; global_colors_info=&#8221;{}&#8221;][\/et_pb_image][\/et_pb_column][\/et_pb_row][et_pb_row column_structure=&#8221;1_2,1_2&#8243; _builder_version=&#8221;4.24.0&#8243; _module_preset=&#8221;default&#8221; locked=&#8221;off&#8221; global_colors_info=&#8221;{}&#8221;][et_pb_column type=&#8221;1_2&#8243; _builder_version=&#8221;4.24.0&#8243; _module_preset=&#8221;default&#8221; global_colors_info=&#8221;{}&#8221;][et_pb_image src=&#8221;https:\/\/arel.ro\/ro\/wp-content\/uploads\/2024\/01\/Green-Energy-ExpoRomenvirotec.jpg&#8221; alt=&#8221;Green Energy Expo&#038;Romenvirotec&#8221; title_text=&#8221;Green Energy Expo&#038;Romenvirotec&#8221; url=&#8221;https:\/\/greenenergyexpo-romenvirotec.ro&#8221; url_new_window=&#8221;on&#8221; _builder_version=&#8221;4.24.0&#8243; _module_preset=&#8221;default&#8221; global_colors_info=&#8221;{}&#8221;][\/et_pb_image][\/et_pb_column][et_pb_column type=&#8221;1_2&#8243; _builder_version=&#8221;4.24.0&#8243; _module_preset=&#8221;default&#8221; global_colors_info=&#8221;{}&#8221;][et_pb_accordion _builder_version=&#8221;4.24.0&#8243; _module_preset=&#8221;default&#8221; global_colors_info=&#8221;{}&#8221;][et_pb_accordion_item title=&#8221;GREEN ENERGY EXPO &#038; ROMENVIROTEC&#8221; open=&#8221;on&#8221; _builder_version=&#8221;4.24.0&#8243; _module_preset=&#8221;default&#8221; link_option_url=&#8221;https:\/\/greenenergyexpo-romenvirotec.ro&#8221; link_option_url_new_window=&#8221;on&#8221; global_colors_info=&#8221;{}&#8221; toggle_level=&#8221;h4&#8243; toggle_font=&#8221;|800|||||||&#8221; toggle_text_align=&#8221;center&#8221;][\/et_pb_accordion_item][et_pb_accordion_item title=&#8221;Inova\u021bie \u0219i sustenabilitate \u00eentr-un singur loc&#8221; _builder_version=&#8221;4.24.0&#8243; _module_preset=&#8221;default&#8221; link_option_url=&#8221;https:\/\/greenenergyexpo-romenvirotec.ro&#8221; link_option_url_new_window=&#8221;on&#8221; global_colors_info=&#8221;{}&#8221; toggle_font=&#8221;|600|on||||||&#8221; toggle_text_align=&#8221;center&#8221; open=&#8221;off&#8221;]<\/p>\n<p>Bucure\u0219ti, 25 ianuarie 2024 \u2013 EUROEXPO Fairs \u0219i ROMEXPO organizeaz\u0103 cea mai mare expozi\u021bie din Rom\u00e2nia dedicat\u0103 energiilor regenerabile \u0219i protec\u021biei mediului &#8211; GREEN ENERGY EXPO &amp; ROMENVIROTEC. Evenimentul va avea loc \u00een perioada 11-13 aprilie 2024, \u00een Pavilionul B2 din cadrul Complexului Expozi\u021bional ROMEXPO.<\/p>\n<p>Noua platform\u0103 dedicat\u0103 inova\u021biei \u0219i sustenabilit\u0103\u021bii \u00een domeniul energiei regenerabile \u0219i al tehnologiilor eco-friendly beneficiaz\u0103 de un parteneriat de excep\u021bie cu Ministerul Mediului, Apelor \u0219i P\u0103durilor, conferindu-i un grad de autenticitate \u0219i autoritate \u00een domeniul sustenabilit\u0103\u021bii. Prin colaborarea str\u00e2ns\u0103 cu autorit\u0103\u021bile guvernamentale, ne propunem s\u0103 facilit\u0103m dialogul \u0219i schimbul de idei pentru a contribui la dezvoltarea unui viitor mai verde \u0219i mai durabil.<\/p>\n<p>Renovatio, lider incontestabil \u00een inova\u021bia \u00een domeniul energiei regenerabile, se al\u0103tur\u0103 acestui eveniment ca Partener Principal al expozi\u021biei. Cu o expertiz\u0103 vast\u0103 \u00een domeniu \u0219i un portofoliu impresionant de proiecte de succes, Renovatio aduce o contribu\u021bie semnificativ\u0103 la promovarea \u0219i implementarea solu\u021biilor energetice durabile.<\/p>\n<p>GREEN ENERGY EXPO &amp; ROMENVIROTEC se distinge prin faptul c\u0103 aduce sub acela\u0219i acoperi\u0219 cele mai recente tehnologii \u00een produc\u021bia de energii regenerabile &#8211; solar, v\u00e2nt, termal, biogaz &#8211; \u0219i solu\u021bii inovatoare pentru protec\u021bia mediului, cum ar fi managementul de\u0219eurilor, gestionarea apelor, situri contaminate, smart city \u0219i economie circular\u0103. Expozi\u021bia aduce \u00eempreun\u0103 lideri de opinie, exper\u021bi \u00een domeniu, precum \u0219i companii de marc\u0103 din \u00eentreaga lume, pentru a explora \u0219i promova solu\u021bii sustenabile. Cu un num\u0103r impresionant de participan\u021bi \u0219i ocup\u00e2nd cel mai mare pavilion expozi\u021bional din Rom\u00e2nia, evenimentul se anun\u021b\u0103 a fi o experien\u021b\u0103 complex\u0103 \u0219i de referin\u021b\u0103 \u00een domeniu.<\/p>\n<p>GREEN ENERGY EXPO &amp; ROMENVIROTEC reprezint\u0103 un pas important pentru promovarea energiei regenerabile \u0219i a tehnologiilor durabile \u00een Rom\u00e2nia. Prin parteneriatul nostru cu Ministerul Mediului, Apelor \u0219i P\u0103durilor, dorim s\u0103 ne consolid\u0103m angajamentul pentru un viitor mai curat \u0219i mai verde. \u00cen acela\u0219i timp, parteneriatul cu Renovatio confirm\u0103 importan\u021ba pe care o acord\u0103m proiectelor care contribuie la dezvoltarea durabil\u0103 a societ\u0103\u021bii.<\/p>\n<p>GREEN ENERGY EXPO &amp; ROMENVIROTEC va fi cel mai bun loc de \u00eent\u00e2lnire pentru profesioni\u0219tii din domeniu \u0219i va oferi o imagine complet\u0103 asupra celor mai noi tendin\u021be \u0219i solu\u021bii \u00een domeniul energiei verzi&#8221;, au declarat organizatorii.<\/p>\n<p>GREEN ENERGY EXPO &amp; ROMENVIROTEC este deschis at\u00e2t profesioni\u0219tilor din industrie, c\u00e2t \u0219i publicului larg. Pentru mai multe informa\u021bii \u0219i pentru a v\u0103 \u00eenregistra participarea, v\u0103 rug\u0103m s\u0103 vizita\u021bi site-ul oficial al evenimentului: <span><a href=\"https:\/\/greenenergyexpo-romenvirotec.ro\">https:\/\/greenenergyexpo-romenvirotec.ro<\/a><\/span>.<\/p>\n<p>Pentru informa\u021bii suplimentare, v\u0103 rug\u0103m s\u0103 contacta\u021bi organizatorii: <span><a href=\"http:\/\/www.greenenergyexpo-romenvirotec.ro\">www.greenenergyexpo-romenvirotec.ro<\/a><\/span><\/p>\n<p>Despre EUROEXPO Fairs<\/p>\n<p>EUROEXPO Fairs este o companie specializat\u0103 \u00een organizarea \u0219i gestionarea celor mai mari t\u00e2rguri de business din Rom\u00e2nia, aduc\u00e2nd \u00eempreun\u0103 profesioni\u0219ti din diverse domenii pentru a facilita schimbul de idei \u0219i \u00eencheierea de parteneriate durabile.<\/p>\n<p>Despre ROMEXPO<\/p>\n<p>Cu o experienta relevanta in domeniu, Romexpo imbina cu succes traditia si experienta cu inovatia si predilectia in organizarea targurilor si expozitiilor pentru satisfacerea cerintelor unei piete moderne, in continua schimbare. ROMEXPO este, de asemenea, unul dintre cele mai mari centre expozi\u021bionale din Europa de Est, oferind spa\u021bii moderne pentru evenimente de amploare \u00een diverse domenii.<\/p>\n<p>Despre Renovatio RENOVATIO activeaz\u0103 prin mai multe linii de business, integr\u00e2nd eficient dezvoltarea \u0219i construirea proiectelor de energie regenerabil\u0103 cu tehnici inovatoare \u00een operarea \u0219i mentenan\u021ba acestora, furnizarea pe termen lung a energiei verzi c\u0103tre clien\u021bi, proiecte de eficien\u021b\u0103 energetic\u0103, stocarea energiei, precum \u0219i realizarea \u0219i dezvoltarea primei re\u021bele de sta\u021bii de \u00eenc\u0103rcare a vehiculelor electrice din Rom\u00e2nia. De mai bine de 18 ani, dedicarea pentru inova\u021bie, expertiza \u0219i satisfac\u021bia clien\u021bilor diferen\u021biaz\u0103 Renovatio \u00een industria de profil, f\u0103c\u00e2ndu-l un partener de \u00eencredere pentru toate nevoile legate de energie.<\/p>\n<p>[\/et_pb_accordion_item][\/et_pb_accordion][et_pb_countdown_timer title=&#8221;GREEN ENERGY EXPO &#038; ROMENVIROTEC&#8221; date_time=&#8221;2024-04-11 11:30&#8243; _builder_version=&#8221;4.24.0&#8243; _module_preset=&#8221;default&#8221; header_level=&#8221;h5&#8243; header_font=&#8221;|700|||||||&#8221; numbers_font=&#8221;|600|||||||&#8221; numbers_text_color=&#8221;#0C71C3&#8243; numbers_font_size=&#8221;22px&#8221; numbers_line_height=&#8221;22px&#8221; use_background_color=&#8221;off&#8221; background_enable_image=&#8221;off&#8221; background_size=&#8221;contain&#8221; background_layout=&#8221;light&#8221; module_alignment=&#8221;center&#8221; height=&#8221;100px&#8221; max_height=&#8221;100px&#8221; link_option_url=&#8221;https:\/\/www.metalshow-tib.ro\/?utm_source=arel.ro&#038;utm_medium=banner&#038;utm_campaign=MST_24_rezerva+stand&#038;utm_id=MST_24_rezerva+stand&#8221; link_option_url_new_window=&#8221;on&#8221; global_colors_info=&#8221;{}&#8221;][\/et_pb_countdown_timer][et_pb_image src=&#8221;https:\/\/arel.ro\/ro\/wp-content\/uploads\/2024\/01\/poza-Renovatio.jpg&#8221; alt=&#8221;Renovatio&#8221; title_text=&#8221;Renovatio&#8221; url=&#8221;https:\/\/greenenergyexpo-romenvirotec.ro&#8221; url_new_window=&#8221;on&#8221; _builder_version=&#8221;4.24.0&#8243; _module_preset=&#8221;default&#8221; global_colors_info=&#8221;{}&#8221;][\/et_pb_image][\/et_pb_column][\/et_pb_row][et_pb_row use_custom_gutter=&#8221;on&#8221; _builder_version=&#8221;4.20.4&#8243; _module_preset=&#8221;default&#8221; global_colors_info=&#8221;{}&#8221;][et_pb_column type=&#8221;4_4&#8243; _builder_version=&#8221;4.20.4&#8243; _module_preset=&#8221;default&#8221; global_colors_info=&#8221;{}&#8221;][et_pb_divider _builder_version=&#8221;4.20.4&#8243; _module_preset=&#8221;default&#8221; module_alignment=&#8221;center&#8221; global_colors_info=&#8221;{}&#8221;][\/et_pb_divider][\/et_pb_column][\/et_pb_row][et_pb_row use_custom_gutter=&#8221;on&#8221; _builder_version=&#8221;4.20.4&#8243; _module_preset=&#8221;default&#8221; global_colors_info=&#8221;{}&#8221;][et_pb_column type=&#8221;4_4&#8243; _builder_version=&#8221;4.20.4&#8243; _module_preset=&#8221;default&#8221; global_colors_info=&#8221;{}&#8221;][et_pb_divider _builder_version=&#8221;4.20.4&#8243; _module_preset=&#8221;default&#8221; module_alignment=&#8221;center&#8221; global_colors_info=&#8221;{}&#8221;][\/et_pb_divider][\/et_pb_column][\/et_pb_row][et_pb_row _builder_version=&#8221;4.22.2&#8243; _module_preset=&#8221;default&#8221; global_colors_info=&#8221;{}&#8221;][et_pb_column type=&#8221;4_4&#8243; _builder_version=&#8221;4.22.2&#8243; _module_preset=&#8221;default&#8221; global_colors_info=&#8221;{}&#8221;][et_pb_image src=&#8221;https:\/\/arel.ro\/ro\/wp-content\/uploads\/2023\/10\/1980-x-1080-px-Indagra-2023-packshoot.jpg&#8221; alt=&#8221;indagra.ro\/ro\/&#8221; title_text=&#8221;1980 x 1080 px Indagra 2023 &#8211; packshoot&#8221; align=&#8221;center&#8221; _builder_version=&#8221;4.22.2&#8243; _module_preset=&#8221;default&#8221; max_width=&#8221;100%&#8221; module_alignment=&#8221;center&#8221; height=&#8221;300px&#8221; global_colors_info=&#8221;{}&#8221;][\/et_pb_image][\/et_pb_column][\/et_pb_row][et_pb_row _builder_version=&#8221;4.21.0&#8243; _module_preset=&#8221;default&#8221; global_colors_info=&#8221;{}&#8221;][et_pb_column type=&#8221;4_4&#8243; _builder_version=&#8221;4.21.0&#8243; _module_preset=&#8221;default&#8221; global_colors_info=&#8221;{}&#8221;][et_pb_accordion _builder_version=&#8221;4.22.2&#8243; _module_preset=&#8221;default&#8221; toggle_level=&#8221;h4&#8243; toggle_font=&#8221;|800|||||||&#8221; toggle_text_align=&#8221;center&#8221; toggle_font_size=&#8221;16px&#8221; link_option_url=&#8221;https:\/\/www.indagra.ro\/ro\/&#8221; link_option_url_new_window=&#8221;on&#8221; global_colors_info=&#8221;{}&#8221;][et_pb_accordion_item title=&#8221;INDAGRA 2023&#8243; open=&#8221;on&#8221; _builder_version=&#8221;4.22.2&#8243; _module_preset=&#8221;default&#8221; link_option_url=&#8221;https:\/\/www.indagra.ro\/ro\/&#8221; link_option_url_new_window=&#8221;on&#8221; global_colors_info=&#8221;{}&#8221;]<\/p>\n<h4 style=\"text-align: center;\">Asociatia Romana a Electricienilor AREL a participat la\u00a0 manifestarile expozitionale in cadrul INDAGRA 2023 la standul A146\u00a0 in perioada 25 &#8211; 29 octombrie 2023 in Pavilionul B1 al complexului expozitional Romexpo.<\/h4>\n<h6 style=\"text-align: center;\"><\/h6>\n<p>[\/et_pb_accordion_item][et_pb_accordion_item title=&#8221;Comunicatul deschiderii evenimentului expozitional INDAGRA 2023&#8243; _builder_version=&#8221;4.22.2&#8243; _module_preset=&#8221;default&#8221; link_option_url=&#8221;https:\/\/www.indagra.ro\/ro\/&#8221; link_option_url_new_window=&#8221;on&#8221; global_colors_info=&#8221;{}&#8221; open=&#8221;off&#8221;]<\/p>\n<p align=\"center\"><span style=\"color: #00b050;\"><span style=\"font-family: Arial, serif;\"><span style=\"font-size: large;\"><b>INDAGRA<\/b><\/span><\/span><\/span><span style=\"font-family: Arial, serif;\"><span style=\"font-size: large;\"><b> &amp; <\/b><\/span><\/span><span style=\"color: #00b050;\"><span style=\"font-family: Arial, serif;\"><span style=\"font-size: large;\"><b>INDAGRA FOOD <\/b><\/span><\/span><\/span><span style=\"font-family: Arial, serif;\"><span style=\"font-size: large;\"><b>2023<\/b><\/span><\/span><\/p>\n<p align=\"center\"><span style=\"font-family: Arial, serif;\"><span style=\"font-size: large;\"><b>La ROMEXPO \u00eencepe (r)evolu\u021bia digital\u0103 din agricultur\u0103 \u0219i industria alimentar\u0103<\/b><\/span><\/span><\/p>\n<p align=\"justify\"><span style=\"font-family: Arial, serif;\"><span style=\"font-size: medium;\">\u00cen perioada 25 \u2013 29 octombrie, <\/span><\/span><span style=\"color: #002060;\"><span style=\"font-family: Arial, serif;\"><span style=\"font-size: medium;\"><b>ROMEXPO<\/b><\/span><\/span><\/span><span style=\"font-family: Arial, serif;\"><span style=\"font-size: medium;\">, \u00een parteneriat cu <\/span><\/span><span style=\"font-family: Arial, serif;\"><span style=\"font-size: medium;\"><i>Camera de Comer\u021b \u0219i Industrie a Rom\u00e2niei<\/i><\/span><\/span><span style=\"font-family: Arial, serif;\"><span style=\"font-size: medium;\">, organizeaz\u0103 <\/span><\/span><span style=\"font-family: Arial, serif;\"><span style=\"font-size: medium;\"><b>INDAGRA &amp; INDAGRA FOOD 2023<\/b><\/span><\/span><span style=\"color: #00b050;\"><span style=\"font-family: Arial, serif;\"><span style=\"font-size: medium;\"> <\/span><\/span><\/span><span style=\"font-family: Arial, serif;\"><span style=\"font-size: medium;\">\u2013 cel mai important concept de networking agricol \u0219i alimentar din Rom\u00e2nia.<\/span><\/span><\/p>\n<p align=\"justify\"><span style=\"font-family: Arial, serif;\"><span style=\"font-size: medium;\"><i>T\u00e2rgul interna\u021bional de produse \u0219i echipamente \u00een domeniul agriculturii, horticulturii, viticulturii \u0219i zootehniei <\/i><\/span><\/span><span style=\"font-family: Arial, serif;\"><span style=\"font-size: medium;\">se desf\u0103\u0219oar\u0103<\/span><\/span><span style=\"font-family: Arial, serif;\"><span style=\"font-size: medium;\"><i> <\/i><\/span><\/span><span style=\"font-family: Arial, serif;\"><span style=\"font-size: medium;\">\u00een pavilionul B1 \u0219i pe platformele exterioare ale Centrului Expozi\u021bional, iar <\/span><\/span><span style=\"font-family: Arial, serif;\"><span style=\"font-size: medium;\"><i>T\u00e2rgul interna\u021bional pentru industria alimentar\u0103 <\/i><\/span><\/span><span style=\"font-family: Arial, serif;\"><span style=\"font-size: medium;\">are loc \u00een pavilionul B2.<\/span><\/span><\/p>\n<p align=\"justify\"><span style=\"font-family: Arial, serif;\"><span style=\"font-size: medium;\">Peste 550 de companii din sectorul agricol \u0219i alimentar particip\u0103 la edi\u021bia de anul acesta, suprafa\u021ba expozi\u021bional\u0103 ocupat\u0103 la interior \u0219i exterior fiind de peste 30.000 mp. La <\/span><\/span><span style=\"font-family: Arial, serif;\"><span style=\"font-size: medium;\"><b>INDAGRA &amp; INDAGRA FOOD 2023 <\/b><\/span><\/span><span style=\"font-family: Arial, serif;\"><span style=\"font-size: medium;\">sunt prezente 23 de \u021b\u0103ri: Belgia, Bulgaria, Cehia, China, Coreea de Sud, Fran\u021ba, Germania, Grecia, Italia, Liban, Marea Britanie, Moldova, Muntenegru, Olanda, Polonia, Rom\u00e2nia, Serbia, Slovacia, Spania, SUA, Turcia, Ucraina \u0219i Ungaria, evenimentul \u00eenregistr\u00e2nd un grad de interna\u021bionalizare de 38%.<\/span><\/span><\/p>\n<p align=\"justify\">\u201e<span style=\"font-family: Arial, serif;\"><span style=\"font-size: medium;\"><b>INDAGRA &amp; INDAGRA FOOD <\/b><\/span><\/span><span style=\"color: #000000;\"><span style=\"font-family: Arial, serif;\"><span style=\"font-size: medium;\">este mult mai mult dec\u00e2t un simplu concept expozi\u021bional. Este o platform\u0103 dinamic\u0103 de referin\u021b\u0103 care serve\u0219te ca un adev\u0103rat hub de afaceri,<\/span><\/span><\/span><span style=\"color: #00b050;\"><span style=\"font-family: Arial, serif;\"><span style=\"font-size: medium;\"> <\/span><\/span><\/span><span style=\"color: #000000;\"><span style=\"font-family: Arial, serif;\"><span style=\"font-size: medium;\">unde exper\u021bi renumi\u021bi din industrie se \u00eent\u00e2lnesc pentru a testa tehnologii top din sectorul agricol \u0219i alimentar \u0219i cel mai important: pentru a face schimb de know \u2013 how. <\/span><\/span><\/span><span style=\"font-family: Arial, serif;\"><span style=\"font-size: medium;\"><b>INDAGRA<\/b><\/span><\/span><span style=\"font-family: Arial, serif;\"><span style=\"font-size: medium;\"> p<\/span><\/span><span style=\"font-family: Arial, serif;\"><span style=\"font-size: medium;\">romoveaz\u0103<\/span><\/span><span style=\"color: #e36c0a;\"><span style=\"font-family: Arial, serif;\"><span style=\"font-size: medium;\"><b> <\/b><\/span><\/span><\/span><span style=\"font-family: Arial, serif;\"><span style=\"font-size: medium;\">practicile agricole durabile care respect\u0103 mediul \u00eenconjur\u0103tor, tehnologiile moderne care ajut\u0103 fermierii s\u0103-\u0219i gestioneze eficient resursele \u0219i s\u0103-\u0219i optimizeze activitatea agricol\u0103, iar <\/span><\/span><span style=\"font-family: Arial, serif;\"><span style=\"font-size: medium;\"><b>INDAGRA FOOD<\/b><\/span><\/span><span style=\"font-family: Arial, serif;\"><span style=\"font-size: medium;\"> impulsioneaz\u0103 dialogul \u0219i cooperarea dintre cei implica\u021bi \u00een procesul de produc\u021bie, distribu\u021bie \u0219i procesare a alimentelor \u0219i institu\u021biile cu rol de decizie sau profesioni\u0219ti renumi\u021bi din acest sector. Fie c\u0103 sunte\u021bi specialist \u00een agricultur\u0103 sau pasionat de domeniu, un om de afaceri experimentat din industria alimentar\u0103 sau un t\u00e2n\u0103r antreprenor \u00een c\u0103utare de inspira\u021bie, v\u0103 a\u0219tept\u0103m la <\/span><\/span><span style=\"font-family: Arial, serif;\"><span style=\"font-size: medium;\"><b>ROMEXPO<\/b><\/span><\/span><span style=\"font-family: Arial, serif;\"><span style=\"font-size: medium;\"> s\u0103 contribuim \u00eempreun\u0103 la dezvoltarea sustenabil\u0103 a sectorului agricol \u0219i alimentar, transmite Oana Netbai, PR <\/span><\/span><span style=\"color: #002060;\"><span style=\"font-family: Arial, serif;\"><span style=\"font-size: medium;\"><b>ROMEXPO<\/b><\/span><\/span><\/span><span style=\"font-family: Arial, serif;\"><span style=\"font-size: medium;\">.<\/span><\/span><\/p>\n<p align=\"justify\"><span style=\"font-family: Arial, serif;\"><span style=\"font-size: medium;\"><b>#INDAGRA2023<\/b><\/span><\/span><span style=\"font-family: Arial, serif;\"><span style=\"font-size: medium;\"> aduce \u00een prim plan tehnologiile viitorului din sectorul agricol \u0219i inova\u021biile din horticultur\u0103, viticultur\u0103 \u0219i zootehnie, \u0219i este dedicat\u0103 at\u00e2t companiilor de profil din Rom\u00e2nia, c\u00e2t \u0219i celor din str\u0103in\u0103tate. <\/span><\/span><span style=\"font-family: Arial, serif;\"><span style=\"font-size: medium;\">La t\u00e2rg sunt a\u0219tepta\u021bi antreprenori, fermieri, ingineri agricoli, produc\u0103tori \u0219i importatori din domeniul agricol, studen\u021bi la facult\u0103\u021bi cu profil agricol \u0219i agroalimentar, reprezentan\u021bi ai institu\u021biilor publice, precum \u0219i publicul larg.<\/span><\/span><\/p>\n<p align=\"justify\"><span style=\"font-family: Arial, serif;\"><span style=\"font-size: medium;\"><b>#INDAGRAFOOD2023 <\/b><\/span><\/span><span style=\"font-family: Arial, serif;\"><span style=\"font-size: medium;\">promoveaz\u0103 practicile responsabile de produc\u021bie, echipamentele \u0219i tehnologiile care accelereaz\u0103 transformarea digital\u0103 a industriei, precum \u0219i solu\u021biile ecologice cu impact redus asupra mediului. Manifestarea se<\/span><\/span><span style=\"font-family: Arial, serif;\"><span style=\"font-size: medium;\"><b> <\/b><\/span><\/span><span style=\"font-family: Arial, serif;\"><span style=\"font-size: medium;\">adreseaz\u0103 produc\u0103torilor, distribuitorilor \u0219i importatorilor de echipamente \u0219i tehnologii pentru industria c\u0103rnii, dar \u0219i reprezentan\u021bilor domeniului panifica\u021biei, industrializ\u0103rii legumelor \u0219i fructelor, prelucr\u0103rii pe\u0219telui \u0219i laptelui.<\/span><\/span><\/p>\n<p align=\"justify\"><span style=\"font-family: Arial, serif;\"><span style=\"font-size: medium;\"><b>SECTORIZARE <\/b><\/span><\/span><span style=\"font-family: Arial, serif;\"><span style=\"font-size: medium;\"><span lang=\"en-US\"><b>INDAGRA<\/b><\/span><\/span><\/span><span style=\"font-family: Arial, serif;\"><span style=\"font-size: medium;\"><b> <\/b><\/span><\/span><\/p>\n<p align=\"justify\"><span style=\"font-family: Arial, serif;\"><span style=\"font-size: medium;\"><b>I. SALON<\/b><\/span><\/span><span style=\"font-family: Arial, serif;\"><span style=\"font-size: medium;\"><span lang=\"en-US\"><b>UL<\/b><\/span><\/span><\/span><span style=\"font-family: Arial, serif;\"><span style=\"font-size: medium;\"><b> DE AGRICULTUR\u0102 &#8211; <\/b><\/span><\/span><span style=\"font-family: Arial, serif;\"><span style=\"font-size: medium;\"><span lang=\"en-GB\"><b>PAVILION B<\/b><\/span><\/span><\/span><span style=\"font-family: Arial, serif;\"><span style=\"font-size: medium;\"><b>1 <\/b><\/span><\/span><\/p>\n<p align=\"justify\"><span style=\"font-family: Arial, serif;\"><span style=\"font-size: medium;\"><span lang=\"en-GB\"><b>ZONA A<\/b><\/span><\/span><\/span><span style=\"font-family: Arial, serif;\"><span style=\"font-size: medium;\"><span lang=\"en-GB\"> &#8211; <\/span><\/span><\/span><span style=\"font-family: Arial, serif;\"><span style=\"font-size: medium;\">material s\u0103ditor, semin\u021be, \u00eengr\u0103\u0219\u0103minte<\/span><\/span><\/p>\n<p align=\"justify\"><span style=\"font-family: Arial, serif;\"><span style=\"font-size: medium;\"><span lang=\"en-US\"><b>ZONA B<\/b><\/span><\/span><\/span><span style=\"font-family: Arial, serif;\"><span style=\"font-size: medium;\"><span lang=\"en-US\"> &#8211; z<\/span><\/span><\/span><span style=\"font-family: Arial, serif;\"><span style=\"font-size: medium;\"><span lang=\"en-GB\">ootehnie\/<\/span><\/span><\/span><span style=\"font-family: Arial, serif;\"><span style=\"font-size: medium;\"><span lang=\"en-US\">v<\/span><\/span><\/span><span style=\"font-family: Arial, serif;\"><span style=\"font-size: medium;\">iticultur\u0103<\/span><\/span><\/p>\n<p align=\"justify\"><span style=\"font-family: Arial, serif;\"><span style=\"font-size: medium;\"><span lang=\"en-GB\"><b>ZONA C<\/b><\/span><\/span><\/span><span style=\"font-family: Arial, serif;\"><span style=\"font-size: medium;\"><span lang=\"en-GB\">\u00a0&#8211; <\/span><\/span><\/span><span style=\"font-family: Arial, serif;\"><span style=\"font-size: medium;\"><span lang=\"it-IT\">ma<\/span><\/span><\/span><span style=\"font-family: Arial, serif;\"><span style=\"font-size: medium;\">\u0219<\/span><\/span><span style=\"font-family: Arial, serif;\"><span style=\"font-size: medium;\"><span lang=\"it-IT\">ini, utilaje <\/span><\/span><\/span><span style=\"font-family: Arial, serif;\"><span style=\"font-size: medium;\">\u0219<\/span><\/span><span style=\"font-family: Arial, serif;\"><span style=\"font-size: medium;\"><span lang=\"it-IT\">i echipamente agricole<\/span><\/span><\/span><\/p>\n<p align=\"justify\"><span style=\"font-family: Arial, serif;\"><span style=\"font-size: medium;\"><span lang=\"it-IT\"><b>ZONA D<\/b><\/span><\/span><\/span><span style=\"font-family: Arial, serif;\"><span style=\"font-size: medium;\"><span lang=\"it-IT\"> &#8211; <\/span><\/span><\/span><span style=\"font-family: Arial, serif;\"><span style=\"font-size: medium;\">tehnologii \u0219i echipamente pentru iriga\u021bii, sere \u0219i solarii<\/span><\/span><\/p>\n<p lang=\"en-US\" align=\"justify\">\n<p align=\"justify\"><span style=\"font-family: Arial, serif;\"><span style=\"font-size: medium;\"><b>II. SALONUL UTILAJELOR AGRICOLE \u2013 platformele exterioare 1, 4, 10, 11, V5, V6, 12, 13 \u0219i Aleea Negustorilor.<\/b><\/span><\/span><\/p>\n<p align=\"justify\"><span style=\"font-family: Arial, serif;\"><span style=\"font-size: medium;\"><span lang=\"en-US\"><b>Platformele 12 \u0219i 13<\/b><\/span><\/span><\/span><span style=\"font-family: Arial, serif;\"><span style=\"font-size: medium;\"><span lang=\"en-US\"> &#8211; zon\u0103 special amenajat\u0103 pentru animale: ovine, bovine, cabaline \u0219i p\u0103s\u0103ri.<\/span><\/span><\/span><\/p>\n<p lang=\"en-US\" align=\"justify\">\n<p><span style=\"font-family: Arial, serif;\"><span style=\"font-size: medium;\"><b>SECTORIZARE <\/b><\/span><\/span><span style=\"font-family: Arial, serif;\"><span style=\"font-size: medium;\"><span lang=\"en-US\"><b>INDAGRA <\/b><\/span><\/span><\/span><span style=\"font-family: Arial, serif;\"><span style=\"font-size: medium;\"><b>FOOD <\/b><\/span><\/span><\/p>\n<p><span style=\"font-family: Arial, serif;\"><span style=\"font-size: medium;\"><span lang=\"en-GB\"><b>Pavilion B<\/b><\/span><\/span><\/span><span style=\"font-family: Arial, serif;\"><span style=\"font-size: medium;\"><b>2<\/b><\/span><\/span><span style=\"color: #ff0000;\"><span style=\"font-family: Arial, serif;\"><span style=\"font-size: medium;\"><span lang=\"en-US\"> <\/span><\/span><\/span><\/span><span style=\"font-family: Arial, serif;\"><span style=\"font-size: medium;\"><span lang=\"en-US\">&#8211;<\/span><\/span><\/span><span style=\"color: #ff0000;\"><span style=\"font-family: Arial, serif;\"><span style=\"font-size: medium;\"><span lang=\"en-US\"> <\/span><\/span><\/span><\/span><span style=\"font-family: Arial, serif;\"><span style=\"font-size: medium;\"><span lang=\"en-US\">utilaje si echipamente pentru industria alimentar\u0103, p<\/span><\/span><\/span><span style=\"font-family: Arial, serif;\"><span style=\"font-size: medium;\"><span lang=\"it-IT\">roduse alimentare \u0219i materii prime.<\/span><\/span><\/span><\/p>\n<p><span style=\"font-family: Arial, serif;\"><span style=\"font-size: medium;\"><span lang=\"en-US\"><b>Platformele exterioare &#8211; Pl.B1, Aleea Crown, <\/b><\/span><\/span><\/span><span style=\"font-family: Arial, serif;\"><span style=\"font-size: medium;\"><b>Aleea Negustorilor<\/b><\/span><\/span><span style=\"font-family: Arial, serif;\"><span style=\"font-size: medium;\"><span lang=\"en-US\">: <\/span><\/span><\/span><span style=\"font-family: Arial, serif;\"><span style=\"font-size: medium;\">retaileri, <\/span><\/span><span style=\"font-family: Arial, serif;\"><span style=\"font-size: medium;\"><span lang=\"en-US\">comercian<\/span><\/span><\/span><span style=\"font-family: Arial, serif;\"><span style=\"font-size: medium;\">\u021b<\/span><\/span><span style=\"font-family: Arial, serif;\"><span style=\"font-size: medium;\"><span lang=\"en-US\">i, produc\u0103tori din industria alimentar\u0103.<\/span><\/span><\/span><\/p>\n<p align=\"justify\"><span style=\"font-family: Arial, serif;\"><span style=\"font-size: medium;\"><span lang=\"en-US\">Pe l\u00e2ng\u0103 partea expozi\u021bional\u0103, conceptul <\/span><\/span><\/span><span style=\"font-family: Arial, serif;\"><span style=\"font-size: medium;\"><span lang=\"en-US\"><b>INDAGRA &amp; INDAGRA FOOD 2023<\/b><\/span><\/span><\/span><span style=\"font-family: Arial, serif;\"><span style=\"font-size: medium;\"><span lang=\"en-US\"> <\/span><\/span><\/span><span style=\"color: #050505;\"><span style=\"font-family: Arial, serif;\"><span style=\"font-size: medium;\"><span>ofer\u0103 participan\u021bilor \u0219i un <\/span><\/span><\/span><\/span><span style=\"color: #050505;\"><span style=\"font-family: Arial, serif;\"><span style=\"font-size: medium;\"><b><span>program de activit\u0103\u021bi conexe tematice<\/span><\/b><\/span><\/span><\/span><span style=\"color: #050505;\"><span style=\"font-family: Arial, serif;\"><span style=\"font-size: medium;\"><span>.<\/span><\/span><\/span><\/span><\/p>\n<p align=\"justify\"><span style=\"font-family: Calibri, serif;\"><strong><span style=\"font-family: Arial, serif;\"><span style=\"font-size: medium;\">US TRADE TALKS FORUM<\/span><\/span><\/strong><span style=\"font-family: Arial, serif;\"><span style=\"font-size: medium;\"> \u2013 organizat pe 26 octombrie, ora 10:00, \u00een sala Madgearu \u2013 de c\u0103tre <\/span><\/span><span style=\"font-family: Arial, serif;\"><span style=\"font-size: medium;\"><i><span>Camera de Comer\u021b \u0219i Industrie a Rom\u00e2niei \u0219i Ambasada SUA \u00een Rom\u00e2nia<\/span><\/i><\/span><\/span><span style=\"font-family: Arial, serif;\"><span style=\"font-size: medium;\"><span>.<\/span><\/span><\/span><span style=\"font-family: Arial, serif;\"><span style=\"font-size: medium;\"> Evenimentul reune\u0219te factori de decizie guvernamentali \u0219i companii din Rom\u00e2nia, Bulgaria, Moldova \u0219i Ucraina, prezente la <\/span><\/span><span style=\"font-family: Arial, serif;\"><span style=\"font-size: medium;\"><b>INDAGRA<\/b><\/span><\/span><span style=\"font-family: Arial, serif;\"><span style=\"font-size: medium;\"> \u0219i ofer\u0103 o suit\u0103 de oportunit\u0103\u021bi, \u00een special \u00een contextul investi\u021biilor bugetare ale UE \u0219i na\u021bionale \u00een energie verde, agricultur\u0103 \u0219i infrastructura de iriga\u021bii.<\/span><\/span><\/span><\/p>\n<p align=\"justify\"><span style=\"font-family: Calibri, serif;\"><span style=\"font-family: Arial, serif;\"><span style=\"font-size: medium;\"><i><b>Conferin\u021ba \u201eOrizonturi ale Planului Strategic 2023-2027&#8243;<\/b><\/i><\/span><\/span><span style=\"font-family: Arial, serif;\"><span style=\"font-size: medium;\">, organizat\u0103 de <\/span><\/span><span style=\"font-family: Arial, serif;\"><span style=\"font-size: medium;\"><i>Ministerul Agriculturii \u015fi Dezvolt\u0103rii Rurale<\/i><\/span><\/span><span style=\"font-family: Arial, serif;\"><span style=\"font-size: medium;\">, prin <\/span><\/span><span style=\"font-family: Arial, serif;\"><span style=\"font-size: medium;\"><i>Re\u0163eaua Na\u0163ional\u0103 de Dezvoltare Rural\u0103<\/i><\/span><\/span><span style=\"font-family: Arial, serif;\"><span style=\"font-size: medium;\">, are loc pe 26 octombrie, \u00een Sala Titulescu din pavilionul B3, \u00een intervalul orar 10:00 \u2013 14:00.<\/span><\/span><\/span><\/p>\n<p align=\"justify\"><span style=\"font-family: Calibri, serif;\"><span style=\"font-family: Arial, serif;\"><span style=\"font-size: medium;\"><i><b>Conferin\u021ba \u201eCooperative agricole \u00een pragul unui nou exerci\u021biu financiar\u201d<\/b><\/i><\/span><\/span><span style=\"font-family: Arial, serif;\"><span style=\"font-size: medium;\">&#8211; organizat\u0103 de <\/span><\/span><span style=\"font-family: Arial, serif;\"><span style=\"font-size: medium;\"><i>Funda\u021bia Civitas pentru Societatea Civil\u0103<\/i><\/span><\/span><span style=\"font-family: Arial, serif;\"><span style=\"font-size: medium;\"> &#8211; se desf\u0103\u0219oar\u0103 pe 27 octombrie, \u00een Sala Madgearu din pavilonul B3, \u00eencep\u00e2nd cu ora 10:00.<\/span><\/span><\/span><\/p>\n<p align=\"justify\"><span style=\"color: #050505;\"><span style=\"font-family: Arial, serif;\"><span style=\"font-size: medium;\"><b><span>Conferin\u021bele <\/span><\/b><\/span><\/span><\/span><span style=\"color: #050505;\"><span style=\"font-family: Arial, serif;\"><span style=\"font-size: medium;\"><span>organizate pe 28 octombrie, \u00een Sala Madgearu din pavilionul B3, \u00een intervalul orar 10:00 \u2013 14 :00, de c\u0103tre<\/span><\/span><\/span><\/span><span style=\"color: #050505;\"><span style=\"font-family: Arial, serif;\"><span style=\"font-size: medium;\"><b><span>\u00a0<\/span><\/b><\/span><\/span><\/span><span><span style=\"font-family: Arial, serif;\"><span style=\"font-size: medium;\"><i><a href=\"https:\/\/www.facebook.com\/usamv?__tn__=-%5DK*F\">Universitatea de \u0218tiin\u021be Agronomice \u0219i Medicin\u0103 Veterinar\u0103 Bucure\u0219ti<\/a><\/i><\/span><\/span><\/span><span style=\"font-family: Arial, serif;\"><span style=\"font-size: medium;\"><i><span>: <\/span><\/i><\/span><\/span><\/p>\n<ul>\n<li>\n<p align=\"justify\"><span style=\"color: #050505;\"><span style=\"font-family: Arial, serif;\"><span style=\"font-size: medium;\"><i><span>Risipa alimentar\u0103: o abordare sustenabil\u0103 \u00een contextul Strategiei Green Deal a Uniunii Europene;<\/span><\/i><\/span><\/span><\/span><\/p>\n<\/li>\n<li>\n<p align=\"justify\"><span style=\"color: #050505;\"><span style=\"font-family: Arial, serif;\"><span style=\"font-size: medium;\"><i><span>Aspecte privind producerea \u0219i utilizarea unui preparat furajer destinat \u00eembun\u0103t\u0103\u021birii performan\u021belor vacilor de lapte;<\/span><\/i><\/span><\/span><\/span><\/p>\n<\/li>\n<li>\n<p align=\"justify\"><span style=\"color: #050505;\"><span style=\"font-family: Arial, serif;\"><span style=\"font-size: medium;\"><i><span>Evaluarea autenticit\u0103\u021bii \u00een pensiunile rurale din Rom\u00e2nia;<\/span><\/i><\/span><\/span><\/span><\/p>\n<\/li>\n<li>\n<p align=\"justify\"><span style=\"color: #050505;\"><span style=\"font-family: Arial, serif;\"><span style=\"font-size: medium;\"><i><span>Utilizarea fibrelor vegetale \u00een produsele de carne;<\/span><\/i><\/span><\/span><\/span><\/p>\n<\/li>\n<li>\n<p align=\"justify\"><span style=\"color: #050505;\"><span style=\"font-family: Arial, serif;\"><span style=\"font-size: medium;\"><i><span>Microalgele \u2013 o nou\u0103 surs\u0103 de Omega-3.<\/span><\/i><\/span><\/span><\/span><\/p>\n<\/li>\n<\/ul>\n<p align=\"justify\"><span style=\"color: #050505;\"><span style=\"font-family: Arial, serif;\"><span style=\"font-size: medium;\"><b><span>Simpozionul Tehnico \u2013 \u0218tiintific organizat de Asocia\u021bia General\u0103 a Frigotehni\u0219tilor din Rom\u00e2nia. <\/span><\/b><\/span><\/span><\/span><span style=\"color: #050505;\"><span style=\"font-family: Arial, serif;\"><span style=\"font-size: medium;\"><span>Acesta se desf\u0103\u0219oar\u0103 pe 28 octombrie \u00een Sala Titulescu din pavilionul B3, \u00een intervalul orar 11:00 \u2013 15:00.<\/span><\/span><\/span><\/span><\/p>\n<p align=\"justify\"><span style=\"font-family: Arial, serif;\"><span style=\"font-size: medium;\"><span lang=\"en-US\"><b>INDAGRA &amp; INDAGRA FOOD 2023 <\/b><\/span><\/span><\/span><span style=\"font-family: Arial, serif;\"><span style=\"font-size: medium;\"><span lang=\"en-US\">are \u0219i o latur\u0103 dedicat\u0103 publicului larg, astfel pe durata celor 5 zile, vizitatorii sunt invita\u021bi s\u0103 admire cele mai frumoase exemplare de animale \u0219i s\u0103 guste din bucatele tradi\u021bionale rom\u00e2ne\u0219ti.<\/span><\/span><\/span><\/p>\n<p>[\/et_pb_accordion_item][et_pb_accordion_item title=&#8221;INDAGRA &#038; INDAGRA FOOD 2023   Peste 36.000 de vizitatori&#8221; _builder_version=&#8221;4.22.2&#8243; _module_preset=&#8221;default&#8221; link_option_url=&#8221;https:\/\/www.indagra.ro\/ro\/&#8221; link_option_url_new_window=&#8221;on&#8221; global_colors_info=&#8221;{}&#8221; open=&#8221;off&#8221;]<\/p>\n<p align=\"center\"><span style=\"color: #00b050;\"><span style=\"font-family: Arial, serif;\"><span style=\"font-size: large;\"><b>INDAGRA<\/b><\/span><\/span><\/span><span style=\"font-family: Arial, serif;\"><span style=\"font-size: large;\"><b> &amp; <\/b><\/span><\/span><span style=\"color: #00b050;\"><span style=\"font-family: Arial, serif;\"><span style=\"font-size: large;\"><b>INDAGRA FOOD <\/b><\/span><\/span><\/span><span style=\"font-family: Arial, serif;\"><span style=\"font-size: large;\"><b>2023<\/b><\/span><\/span><\/p>\n<p align=\"center\"><span style=\"font-family: Arial, serif;\"><span style=\"font-size: large;\"><b>Peste 36.000 de vizitatori au participat la (r)evolu\u021bia digital\u0103 din agricultur\u0103 \u0219i industria alimentar\u0103<\/b><\/span><\/span><\/p>\n<p align=\"justify\"><span style=\"font-family: Arial, serif;\"><span style=\"font-size: medium;\">\u00cen perioada 25 \u2013 29 octombrie, <\/span><\/span><span style=\"color: #002060;\"><span style=\"font-family: Arial, serif;\"><span style=\"font-size: medium;\"><b>ROMEXPO<\/b><\/span><\/span><\/span><span style=\"font-family: Arial, serif;\"><span style=\"font-size: medium;\">, \u00een parteneriat cu <\/span><\/span><span style=\"font-family: Arial, serif;\"><span style=\"font-size: medium;\"><i>Camera de Comer\u021b \u0219i Industrie a Rom\u00e2niei<\/i><\/span><\/span><span style=\"font-family: Arial, serif;\"><span style=\"font-size: medium;\">, a organizat <\/span><\/span><span style=\"font-family: Arial, serif;\"><span style=\"font-size: medium;\"><b>INDAGRA &amp; INDAGRA FOOD 2023<\/b><\/span><\/span><span style=\"font-family: Arial, serif;\"><span style=\"font-size: medium;\"> \u2013<\/span><\/span><span style=\"font-family: Arial, serif;\"><span style=\"font-size: medium;\"><b> <\/b><\/span><\/span><span style=\"font-family: Arial, serif;\"><span style=\"font-size: medium;\">o<\/span><\/span><span style=\"font-family: Arial, serif;\"><span style=\"font-size: medium;\"><b> <\/b><\/span><\/span><span style=\"color: #000000;\"><span style=\"font-family: Arial, serif;\"><span style=\"font-size: medium;\">platform\u0103 dinamic\u0103 de referin\u021b\u0103 care a servit ca un adev\u0103rat hub de afaceri<\/span><\/span><\/span><span style=\"color: #00b050;\"><span style=\"font-family: Arial, serif;\"><span style=\"font-size: medium;\">. <\/span><\/span><\/span><span style=\"font-family: Arial, serif;\"><span style=\"font-size: medium;\">La (r)evolu\u021bia digital\u0103 din agricultur\u0103 \u0219i industria alimentar\u0103 au luat parte peste 36.000 de vizitatori speciali\u0219ti \u0219i public larg.<\/span><\/span><\/p>\n<p align=\"justify\"><span style=\"font-family: Arial, serif;\"><span style=\"font-size: medium;\">\u00cen cadrul celui mai important eveniment de networking agricol \u0219i alimentar din Rom\u00e2nia, 550 de companii \u0219i-au prezentat tehnologiile de ultim\u0103 genera\u021bie \u0219i proiectele inovatoare, pe o suprafa\u021ba expozi\u021bional\u0103 de peste 30.000 mp.<\/span><\/span><\/p>\n<p align=\"justify\"><span style=\"font-family: Arial, serif;\"><span style=\"font-size: medium;\">Conceptul <\/span><\/span><span style=\"font-family: Arial, serif;\"><span style=\"font-size: medium;\"><b>INDAGRA &amp; INDAGRA FOOD 2023 <\/b><\/span><\/span><span style=\"font-family: Arial, serif;\"><span style=\"font-size: medium;\">a \u00eenregistrat un grad de interna\u021bionalizare de<\/span><\/span><span style=\"font-family: Arial, serif;\"><span style=\"font-size: medium;\"><b> <\/b><\/span><\/span><span style=\"font-family: Arial, serif;\"><span style=\"font-size: medium;\">38%, fiind prezente firme din 23 de \u021b\u0103ri: Belgia, Bulgaria, Cehia, China, Coreea de Sud, Fran\u021ba, Germania, Grecia, Italia, Liban, Marea Britanie, Moldova, Muntenegru, Olanda, Polonia, Rom\u00e2nia, Serbia, Slovacia, Spania, SUA, Turcia, Ucraina \u0219i Ungaria.<\/span><\/span><\/p>\n<p align=\"justify\"><span style=\"font-family: Arial, serif;\"><span style=\"font-size: medium;\">Vedetele edi\u021biei de anul acesta au fost <\/span><\/span><span style=\"font-family: Arial, serif;\"><span style=\"font-size: medium;\"><b>dronele<\/b><\/span><\/span><span style=\"font-family: Arial, serif;\"><span style=\"font-size: medium;\"> utilizate pentru identificarea zonelor de stres ale culturilor, topografiere, opera\u021biuni fitosanitare sau chiar pentru sem\u0103nat, <\/span><\/span><span style=\"font-family: Arial, serif;\"><span style=\"font-size: medium;\"><b>tehnologiile smart de autoghidare<\/b><\/span><\/span><span style=\"font-family: Arial, serif;\"><span style=\"font-size: medium;\"> care permit femierilor s\u0103 sa aplice inputuri agricole doar \u00een zonele vizate, <\/span><\/span><span style=\"font-family: Arial, serif;\"><span style=\"font-size: medium;\"><b>robo\u021bii<\/b><\/span><\/span><span style=\"font-family: Arial, serif;\"><span style=\"font-size: medium;\"> care fac cur\u0103\u021benie \u00een ferme, <\/span><\/span><span style=\"font-family: Arial, serif;\"><span style=\"font-size: medium;\"><b>sistemele agrivoltaice<\/b><\/span><\/span><span style=\"font-family: Arial, serif;\"><span style=\"font-size: medium;\">, <\/span><\/span><span style=\"font-family: Arial, serif;\"><span style=\"font-size: medium;\"><b>solu\u021biile inteligente pentru irigare<\/b><\/span><\/span><span style=\"font-family: Arial, serif;\"><span style=\"font-size: medium;\"> prin picurare, precum \u0219i <\/span><\/span><span style=\"font-family: Arial, serif;\"><span style=\"font-size: medium;\"><b>echipamentele \u0219i tehnologiile<\/b><\/span><\/span><span style=\"font-family: Arial, serif;\"><span style=\"font-size: medium;\"> care accelereaz\u0103 transformarea digital\u0103 a industriei alimentare.<\/span><\/span><\/p>\n<p align=\"justify\"><span style=\"font-family: Arial, serif;\"><span style=\"font-size: medium;\">Publicul specialist <\/span><\/span><span style=\"font-family: Arial, serif;\"><span style=\"font-size: medium;\"><b>INDAGRA &amp; INDAGRA FOOD 2023<\/b><\/span><\/span><span style=\"font-family: Arial, serif;\"><span style=\"font-size: medium;\"> a fost reprezentat de <\/span><\/span><span style=\"font-family: Arial, serif;\"><span style=\"font-size: medium;\">antreprenori, fermieri, ingineri agricoli, produc\u0103tori \u0219i importatori din domeniul agricol, studen\u021bi la facult\u0103\u021bi cu profil agricol \u0219i agroalimentar, reprezentan\u021bi ai institu\u021biilor publice,<\/span><\/span><span style=\"font-family: Arial, serif;\"><span style=\"font-size: medium;\"> produc\u0103tori, distribuitori \u0219i importatori de echipamente \u0219i tehnologii pentru industria c\u0103rnii, dar \u0219i reprezentan\u021bi ai domeniului panifica\u021biei, industrializ\u0103rii legumelor \u0219i fructelor, prelucr\u0103rii pe\u0219telui \u0219i laptelui.<\/span><\/span><\/p>\n<p align=\"justify\"><span style=\"font-family: Arial, serif;\"><span style=\"font-size: medium;\">Punctele de atrac\u021bie pentru publicul larg au fost frumoasele exemplare de animale \u0219i zona bucatelor tradi\u021bionale rom\u00e2ne\u0219ti.<\/span><\/span><\/p>\n<p align=\"justify\"><span style=\"font-family: Arial, serif;\"><span style=\"font-size: medium;\"><span lang=\"en-US\">Pe l\u00e2ng\u0103 partea expozi\u021bional\u0103, conceptul <\/span><\/span><\/span><span style=\"font-family: Arial, serif;\"><span style=\"font-size: medium;\"><span lang=\"en-US\"><b>INDAGRA &amp; INDAGRA FOOD 2023<\/b><\/span><\/span><\/span><span style=\"font-family: Arial, serif;\"><span style=\"font-size: medium;\"><span lang=\"en-US\"> a <\/span><\/span><\/span><span style=\"color: #050505;\"><span style=\"font-family: Arial, serif;\"><span style=\"font-size: medium;\"><span>oferit participan\u021bilor \u0219i un program de activit\u0103\u021bi conexe.<\/span><\/span><\/span><\/span><span style=\"color: #050505;\"><span style=\"font-family: Arial, serif;\"><span style=\"font-size: medium;\"><b><span> <\/span><\/b><\/span><\/span><\/span><span style=\"color: #050505;\"><span style=\"font-family: Arial, serif;\"><span style=\"font-size: medium;\"><span>Dintre ele amintim:<\/span><\/span><\/span><\/span><span style=\"color: #050505;\"><span style=\"font-family: Arial, serif;\"><span style=\"font-size: medium;\"><b><span> <\/span><\/b><\/span><\/span><\/span><strong><span style=\"font-family: Arial, serif;\"><span style=\"font-size: medium;\">US TRADE TALKS FORUM<\/span><\/span><\/strong><strong><span style=\"font-family: Arial, serif;\"><span style=\"font-size: medium;\"><span>,<\/span><\/span><\/span><\/strong><strong><span style=\"font-family: Arial, serif;\"><span style=\"font-size: medium;\"> <\/span><\/span><\/strong><strong><span style=\"font-family: Arial, serif;\"><span style=\"font-size: medium;\"><span>organizat de<\/span><\/span><\/span><\/strong><strong><span style=\"font-family: Arial, serif;\"><span style=\"font-size: medium;\"> <\/span><\/span><\/strong><span style=\"font-family: Arial, serif;\"><span style=\"font-size: medium;\"><i><span>Camera de Comer\u021b \u0219i Industrie a Rom\u00e2niei \u0219i Ambasada SUA \u00een Rom\u00e2nia<\/span><\/i><\/span><\/span><span style=\"font-family: Arial, serif;\"><span style=\"font-size: medium;\"><span>, <\/span><\/span><\/span><span style=\"font-family: Arial, serif;\"><span style=\"font-size: medium;\"><i><b>Conferin\u021ba \u201eOrizonturi ale Planului Strategic 2023-2027&#8243;<\/b><\/i><\/span><\/span><span style=\"font-family: Arial, serif;\"><span style=\"font-size: medium;\">, organizat\u0103 de <\/span><\/span><span style=\"font-family: Arial, serif;\"><span style=\"font-size: medium;\"><i>Ministerul Agriculturii \u015fi Dezvolt\u0103rii Rurale<\/i><\/span><\/span><span style=\"font-family: Arial, serif;\"><span style=\"font-size: medium;\">, <\/span><\/span><span style=\"font-family: Arial, serif;\"><span style=\"font-size: medium;\"><i><b>Conferin\u021ba \u201eCooperative agricole \u00een pragul unui nou exerci\u021biu financiar\u201d<\/b><\/i><\/span><\/span><span style=\"font-family: Arial, serif;\"><span style=\"font-size: medium;\"> -organizat\u0103 de <\/span><\/span><span style=\"font-family: Arial, serif;\"><span style=\"font-size: medium;\"><i>Funda\u021bia Civitas pentru Societatea Civil\u0103, <\/i><\/span><\/span><span style=\"color: #050505;\"><span style=\"font-family: Arial, serif;\"><span style=\"font-size: medium;\"><b><span>Conferin\u021bele <\/span><\/b><\/span><\/span><\/span><span style=\"color: #050505;\"><span style=\"font-family: Arial, serif;\"><span style=\"font-size: medium;\"><span>tematice de c\u0103tre<\/span><\/span><\/span><\/span><span style=\"color: #050505;\"><span style=\"font-family: Arial, serif;\"><span style=\"font-size: medium;\"><b><span>\u00a0<\/span><\/b><\/span><\/span><\/span><span><span style=\"font-family: Arial, serif;\"><span style=\"font-size: medium;\"><i><a href=\"https:\/\/www.facebook.com\/usamv?__tn__=-%5DK*F\">Universitatea de \u0218tiin\u021be Agronomice \u0219i Medicin\u0103 Veterinar\u0103 Bucure\u0219ti<\/a><\/i><\/span><\/span><\/span><span style=\"font-family: Arial, serif;\"><span style=\"font-size: medium;\"><i><span>, <\/span><\/i><\/span><\/span><span style=\"color: #050505;\"><span style=\"font-family: Arial, serif;\"><span style=\"font-size: medium;\"><b><span>Simpozionul Tehnico \u2013 \u0218tiintific <\/span><\/b><\/span><\/span><\/span><span style=\"color: #050505;\"><span style=\"font-family: Arial, serif;\"><span style=\"font-size: medium;\"><span>organizat de <\/span><\/span><\/span><\/span><span style=\"color: #050505;\"><span style=\"font-family: Arial, serif;\"><span style=\"font-size: medium;\"><i><span>Asocia\u021bia General\u0103 a Frigotehni\u0219tilor din Rom\u00e2nia<\/span><\/i><\/span><\/span><\/span><span style=\"color: #050505;\"><span style=\"font-family: Arial, serif;\"><span style=\"font-size: medium;\"><span>.<\/span><\/span><\/span><\/span><\/p>\n<p align=\"justify\"><span>\u201e<span style=\"font-family: Arial, serif;\"><span style=\"font-size: medium;\">Pasiunea pentru excelen\u021b\u0103, spiritul antreprenorial \u0219i dorin\u021ba de a face diferen\u021ba \u00een domeniul agricol \u0219i alimentar, ne-au adus \u00eempreun\u0103 \u0219i la edi\u021bia din 2023. Le suntem recunosc\u0103tori tuturor celor care au fost implica\u021bi \u00een oganizarea conceptului <\/span><\/span><\/span><span style=\"font-family: Arial, serif;\"><span style=\"font-size: medium;\"><b><span>INDAGRA &amp; INDAGRA FOOD<\/span><\/b><\/span><\/span><span style=\"font-family: Arial, serif;\"><span style=\"font-size: medium;\"><span> \u0219i le mul\u021bumim c\u0103 prin \u00eencredere reciproc\u0103 \u0219i dedicare, an de an, la <\/span><\/span><\/span><span style=\"font-family: Arial, serif;\"><span style=\"font-size: medium;\"><b><span>ROMEXPO<\/span><\/b><\/span><\/span><span style=\"font-family: Arial, serif;\"><span style=\"font-size: medium;\"><span>, dezvolt\u0103m o comunitate activ\u0103 de inovatori. Ne propunem ca \u0219i edi\u021bia de anul viitor s\u0103 fie un real motor al progresului \u00een domeniul agriculturii, viticulturii, horticulturii, zootehniei \u0219i al industriei alimentare, prin urmare, invit\u0103m companiile interesate s\u0103 ni se al\u0103ture \u0219i \u00een 2024 cu proiecte care pot schimba viitorul agriculturii \u0219i sectorului alimentar\u201d, transmite Oana Netbai, PR <\/span><\/span><\/span><span style=\"color: #002060;\"><span style=\"font-family: Arial, serif;\"><span style=\"font-size: medium;\"><b><span>ROMEXPO.<\/span><\/b><\/span><\/span><\/span><\/p>\n<p>[\/et_pb_accordion_item][\/et_pb_accordion][\/et_pb_column][\/et_pb_row][et_pb_row use_custom_gutter=&#8221;on&#8221; _builder_version=&#8221;4.20.4&#8243; _module_preset=&#8221;default&#8221; global_colors_info=&#8221;{}&#8221;][et_pb_column type=&#8221;4_4&#8243; _builder_version=&#8221;4.20.4&#8243; _module_preset=&#8221;default&#8221; global_colors_info=&#8221;{}&#8221;][et_pb_divider _builder_version=&#8221;4.20.4&#8243; _module_preset=&#8221;default&#8221; module_alignment=&#8221;center&#8221; global_colors_info=&#8221;{}&#8221;][\/et_pb_divider][\/et_pb_column][\/et_pb_row][et_pb_row use_custom_gutter=&#8221;on&#8221; _builder_version=&#8221;4.20.4&#8243; _module_preset=&#8221;default&#8221; global_colors_info=&#8221;{}&#8221;][et_pb_column type=&#8221;4_4&#8243; _builder_version=&#8221;4.20.4&#8243; _module_preset=&#8221;default&#8221; global_colors_info=&#8221;{}&#8221;][et_pb_divider _builder_version=&#8221;4.20.4&#8243; _module_preset=&#8221;default&#8221; module_alignment=&#8221;center&#8221; global_colors_info=&#8221;{}&#8221;][\/et_pb_divider][\/et_pb_column][\/et_pb_row][et_pb_row _builder_version=&#8221;4.22.2&#8243; _module_preset=&#8221;default&#8221; global_colors_info=&#8221;{}&#8221;][et_pb_column type=&#8221;4_4&#8243; _builder_version=&#8221;4.22.2&#8243; _module_preset=&#8221;default&#8221; global_colors_info=&#8221;{}&#8221;][et_pb_image src=&#8221;https:\/\/arel.ro\/ro\/wp-content\/uploads\/2023\/07\/06Facebook.jpg&#8221; alt=&#8221;https:\/\/timisoara.roenergy.eu\/&#8221; title_text=&#8221;https:\/\/timisoara.roenergy.eu\/&#8221; align=&#8221;center&#8221; _builder_version=&#8221;4.22.2&#8243; _module_preset=&#8221;default&#8221; max_width=&#8221;100%&#8221; module_alignment=&#8221;center&#8221; height=&#8221;300px&#8221; global_colors_info=&#8221;{}&#8221;][\/et_pb_image][\/et_pb_column][\/et_pb_row][et_pb_row _builder_version=&#8221;4.21.0&#8243; _module_preset=&#8221;default&#8221; global_colors_info=&#8221;{}&#8221;][et_pb_column type=&#8221;4_4&#8243; _builder_version=&#8221;4.21.0&#8243; _module_preset=&#8221;default&#8221; global_colors_info=&#8221;{}&#8221;][et_pb_accordion _builder_version=&#8221;4.22.2&#8243; _module_preset=&#8221;default&#8221; toggle_level=&#8221;h4&#8243; toggle_font=&#8221;|800|||||||&#8221; toggle_text_align=&#8221;center&#8221; toggle_font_size=&#8221;16px&#8221; link_option_url=&#8221;https:\/\/timisoara.roenergy.eu\/&#8221; link_option_url_new_window=&#8221;on&#8221; global_colors_info=&#8221;{}&#8221;][et_pb_accordion_item title=&#8221;Expozitia internationala Ro Energy 2023&#8243; open=&#8221;on&#8221; _builder_version=&#8221;4.22.2&#8243; _module_preset=&#8221;default&#8221; link_option_url=&#8221;https:\/\/timisoara.roenergy.eu\/&#8221; link_option_url_new_window=&#8221;on&#8221; global_colors_info=&#8221;{}&#8221; toggle_level=&#8221;h3&#8243; toggle_font=&#8221;|800|||||||&#8221;]<\/p>\n<p style=\"text-align: justify;\">Asociatia Romana a Electricienilor AREL va participa la\u00a0 RoEnergy 2023 in perioada 04\u201306 octombrie 2023.<\/p>\n<p>[\/et_pb_accordion_item][et_pb_accordion_item title=&#8221;Expozi\u0163ia  RoEnergy, T\u00e2rgul nr.1 al Rom\u00e2niei pe energii regenerabile 04-06 octombrie 2023, la Timi\u015foara&#8221; _builder_version=&#8221;4.22.2&#8243; _module_preset=&#8221;default&#8221; link_option_url=&#8221;https:\/\/timisoara.roenergy.eu\/&#8221; link_option_url_new_window=&#8221;on&#8221; global_colors_info=&#8221;{}&#8221; toggle_level=&#8221;h3&#8243; toggle_font=&#8221;|800|||||||&#8221; open=&#8221;off&#8221;]<\/p>\n<h1 style=\"text-align: center;\"><strong><span style=\"font-size: small;\"><span lang=\"ro-MO\">Companii de top de pe trei continente \u015fi-au securizat prezen\u0163a la Expozi\u0163ia RoEnergy, <\/span><\/span><\/strong><\/h1>\n<h1 style=\"text-align: center;\"><strong><span style=\"font-size: small;\"><span lang=\"ro-MO\">T\u00e2rgul nr.1 al Rom\u00e2niei pe energii regenerabile, eveniment unic, \u00een 4-6 octombrie 2023, la Timi\u015foara<\/span><\/span><\/strong><\/h1>\n<h1 style=\"text-align: center;\"><strong style=\"text-align: justify; font-size: 16px;\"><span style=\"font-size: small;\"><span lang=\"ro-MO\">Genway \u2013Platinum Sponsor<\/span><\/span><\/strong><strong><span style=\"font-size: small;\"><span lang=\"ro-MO\"><\/span><\/span><\/strong><\/h1>\n<h1 style=\"text-align: center;\"><strong style=\"font-size: 16px;\"><span style=\"font-size: small;\"><span lang=\"ro-MO\">Fronius International GmbH \u2013 Silver Sponsors<\/span><\/span><\/strong><\/h1>\n<p><strong style=\"font-size: 16px;\"><span style=\"font-size: small;\"><span lang=\"ro-MO\"><\/span><\/span><\/strong><\/p>\n<h4><span style=\"font-size: small;\"><span lang=\"en-GB\">Cu o experien\u0163\u0103 de peste peste 12 ani \u00een organizarea de evenimente exclusiv pe regenerabile, T\u00e2rgul RoEnergy Rom\u00e2nia, T\u00e2rgul Prosumatorilor, Platforma Nr. 1 al Rom\u00e2niei pe energii regenerabile, aduce, la Timi\u015foara, timp de trei zile, sub acela\u015fi acoperi\u015f, \u00eentr-un eveniment unic, furnizori de produse \u015fi tehnologii, care se vor \u00eent\u00e2lni cu beneficiari: companii, organiza\u0163ii, autorit\u0103\u0163i, mass media, respectiv persoane fizice, sus\u0163in\u00e2nd, \u00een continuare, tranzi\u0163ia \u0163\u0103rii noastre spre o economie sustenabil\u0103.<\/span><\/span><\/h4>\n<h4><span style=\"font-size: small;\"><span lang=\"en-GB\">P\u00e2n\u0103 \u00een 2030, Rom\u00e2nia trebuie s\u0103 ajung\u0103 la o capacitate instalat\u0103 de 20.000 MW, din care circa 7.000 MW trebuie s\u0103 provin\u0103 doar din fotovoltaic. Aceste cifre genereaz\u0103 o lupt\u0103 accerb\u0103, fiecare juc\u0103tor, produc\u0103tor, furnizor ori investitor, dorind s\u0103 acaparaze o cot\u0103 de pia\u0163\u0103.<\/span><\/span><\/h4>\n<h4><span style=\"font-size: small;\"><span lang=\"en-GB\">\u00cen ceea ce prive\u015fte prosumatorii, indiscutabil, noua vedet\u0103 a regenerabilelor, anali\u015ftii estimeaz\u0103 c\u0103, p\u00e2n\u0103 \u00een 2030, unul din 10 consumatori ar putea deveni mic produc\u0103tor de energie, iar pentru 2023, se a\u015fteapt\u0103 ca num\u0103rul acestora s\u0103 treac\u0103 de 100.000.<\/span><\/span><\/h4>\n<h4><span style=\"font-size: small;\">Printre companiile care \u015fi-au rezervat deja stand la Expozi\u0163ia RoEnergy edi\u0163ia Timi\u015foara, ce va avea loc \u00een 4-6 octombrie 2023, la Pavilion Expovest, men\u0163ion\u0103m( selec\u0163ie): <\/span><\/h4>\n<h4><span style=\"font-size: small;\">Schletter Solar,\u00a0 Electro-Service Distributie,\u00a0 Ilvief SA Greece,\u00a0 K2 Systems GmbH,\u00a0 Krannich Solar,\u00a0 Fronius GmbH,\u00a0 Darcom Energy,\u00a0 Solargroup Energy Ro srl,\u00a0 Sch\u00e4fer + Peters GmbH,\u00a0 Arhais Engineering,\u00a0 Sinocat Environmental Technology Co,\u00a0 Cink Hydro-Energy k.s,\u00a0 Lenercom Technology Co,\u00a0 Nigbo Polycrown Solar,\u00a0 KUBIK PROD COM,\u00a0 Eastman Solar UAE. <\/span><\/h4>\n<h4><span style=\"font-size: small;\"><span lang=\"en-GB\">Nu rata\u0163i \u015fansa de a fi prezent pe cea mai fierbinte pia\u0163\u0103 a momentului, dar mai ales al viitorului, \u00een condi\u0163iile unui spa\u0163iu expozi\u0163ional, totu\u015fi, limitat, \u00een 4-6 octombrie 2023! <\/span><\/span><\/h4>\n<h4><span style=\"font-size: small;\"><span lang=\"en-GB\">Solicita\u021bi acum o ofert\u0103 de pre\u021b la:\u00a0 <\/span><\/span><span style=\"font-size: small;\"><span lang=\"en-GB\"><a href=\"mailto:marketing@roenergy.eu\">marketing@roenergy.eu<\/a>\u00a0 \u00a0 \u00a0sau\u00a0 \u00a0 \u00a0 <\/span><\/span><span style=\"font-size: small;\"><span lang=\"en-GB\"><a href=\"mailto:info@roenergy.eu\">info@roenergy.eu<\/a><\/span><\/span><\/h4>\n<h4><span style=\"font-size: small;\">RoEnergy Team<\/span><\/h4>\n<p>[\/et_pb_accordion_item][\/et_pb_accordion][\/et_pb_column][\/et_pb_row][et_pb_row use_custom_gutter=&#8221;on&#8221; _builder_version=&#8221;4.20.4&#8243; _module_preset=&#8221;default&#8221; global_colors_info=&#8221;{}&#8221;][et_pb_column type=&#8221;4_4&#8243; _builder_version=&#8221;4.20.4&#8243; _module_preset=&#8221;default&#8221; global_colors_info=&#8221;{}&#8221;][et_pb_divider _builder_version=&#8221;4.20.4&#8243; _module_preset=&#8221;default&#8221; module_alignment=&#8221;center&#8221; global_colors_info=&#8221;{}&#8221;][\/et_pb_divider][\/et_pb_column][\/et_pb_row][et_pb_row use_custom_gutter=&#8221;on&#8221; _builder_version=&#8221;4.20.4&#8243; _module_preset=&#8221;default&#8221; global_colors_info=&#8221;{}&#8221;][et_pb_column type=&#8221;4_4&#8243; _builder_version=&#8221;4.20.4&#8243; _module_preset=&#8221;default&#8221; global_colors_info=&#8221;{}&#8221;][et_pb_image src=&#8221;https:\/\/arel.ro\/ro\/wp-content\/uploads\/2023\/07\/2023-05-09_12-970x180_MS-TIB-albastru.jpg&#8221; title_text=&#8221;2023-05-09_12 &#8211; 970x180_MS-TIB-albastru&#8221; align=&#8221;center&#8221; _builder_version=&#8221;4.22.2&#8243; _module_preset=&#8221;default&#8221; max_width=&#8221;100%&#8221; module_alignment=&#8221;center&#8221; height=&#8221;150px&#8221; global_colors_info=&#8221;{}&#8221;][\/et_pb_image][et_pb_accordion _builder_version=&#8221;4.22.2&#8243; _module_preset=&#8221;default&#8221; toggle_level=&#8221;h4&#8243; toggle_font=&#8221;|800|||||||&#8221; toggle_text_align=&#8221;center&#8221; toggle_font_size=&#8221;16px&#8221; link_option_url=&#8221;https:\/\/www.metalshow-tib.ro\/&#8221; link_option_url_new_window=&#8221;on&#8221; global_colors_info=&#8221;{}&#8221;][et_pb_accordion_item title=&#8221;Expozitia internationala METAL SHOW &#038; TIB 2023&#8243; open=&#8221;on&#8221; _builder_version=&#8221;4.22.2&#8243; _module_preset=&#8221;default&#8221; link_option_url_new_window=&#8221;on&#8221; global_colors_info=&#8221;{}&#8221;]<\/p>\n<p style=\"text-align: justify;\">Asociatia Romana a Electricienilor AREL a participat la\u00a0 METAL SHOW &amp; TIB 2023 in perioada 09\u201312 mai 2023.<\/p>\n<p>[\/et_pb_accordion_item][\/et_pb_accordion][\/et_pb_column][\/et_pb_row][et_pb_row _builder_version=&#8221;4.22.2&#8243; _module_preset=&#8221;default&#8221; global_colors_info=&#8221;{}&#8221;][et_pb_column type=&#8221;4_4&#8243; _builder_version=&#8221;4.22.2&#8243; _module_preset=&#8221;default&#8221; global_colors_info=&#8221;{}&#8221;][\/et_pb_column][\/et_pb_row][et_pb_row use_custom_gutter=&#8221;on&#8221; _builder_version=&#8221;4.20.4&#8243; _module_preset=&#8221;default&#8221; global_colors_info=&#8221;{}&#8221;][et_pb_column type=&#8221;4_4&#8243; _builder_version=&#8221;4.20.4&#8243; _module_preset=&#8221;default&#8221; global_colors_info=&#8221;{}&#8221;][et_pb_divider _builder_version=&#8221;4.20.4&#8243; _module_preset=&#8221;default&#8221; module_alignment=&#8221;center&#8221; global_colors_info=&#8221;{}&#8221;][\/et_pb_divider][\/et_pb_column][\/et_pb_row][et_pb_row column_structure=&#8221;1_5,1_5,1_5,1_5,1_5&#8243; _builder_version=&#8221;4.20.4&#8243; _module_preset=&#8221;default&#8221; global_colors_info=&#8221;{}&#8221;][et_pb_column type=&#8221;1_5&#8243; _builder_version=&#8221;4.20.4&#8243; _module_preset=&#8221;default&#8221; global_colors_info=&#8221;{}&#8221;][et_pb_image src=&#8221;https:\/\/arel.ro\/ro\/wp-content\/uploads\/2023\/07\/sonel_logo.png&#8221; alt=&#8221;https:\/\/sonel.pl\/en\/&#8221; title_text=&#8221;sonel_logo&#8221; url=&#8221;https:\/\/sonel.pl\/en\/&#8221; url_new_window=&#8221;on&#8221; align=&#8221;center&#8221; _builder_version=&#8221;4.20.4&#8243; _module_preset=&#8221;default&#8221; global_colors_info=&#8221;{}&#8221;][\/et_pb_image][\/et_pb_column][et_pb_column type=&#8221;1_5&#8243; _builder_version=&#8221;4.20.4&#8243; _module_preset=&#8221;default&#8221; global_colors_info=&#8221;{}&#8221;][et_pb_image src=&#8221;https:\/\/arel.ro\/ro\/wp-content\/uploads\/2023\/09\/universitatea-politehnica-timisoara.jpg&#8221; alt=&#8221;universitatea-politehnica-timisoara&#8221; title_text=&#8221;universitatea-politehnica-timisoara&#8221; url=&#8221;https:\/\/www.facebook.com\/instalatiitimisoara\/&#8221; url_new_window=&#8221;on&#8221; align=&#8221;center&#8221; _builder_version=&#8221;4.22.1&#8243; _module_preset=&#8221;default&#8221; global_colors_info=&#8221;{}&#8221;][\/et_pb_image][\/et_pb_column][et_pb_column type=&#8221;1_5&#8243; _builder_version=&#8221;4.20.4&#8243; _module_preset=&#8221;default&#8221; global_colors_info=&#8221;{}&#8221;][et_pb_image src=&#8221;https:\/\/arel.ro\/ro\/wp-content\/uploads\/2023\/07\/logo_electricianul_v1.jpg&#8221; alt=&#8221;https:\/\/www.electricianul.ro\/&#8221; title_text=&#8221;logo_electricianul_v1&#8243; url=&#8221;https:\/\/www.electricianul.ro\/&#8221; url_new_window=&#8221;on&#8221; align=&#8221;center&#8221; _builder_version=&#8221;4.20.4&#8243; _module_preset=&#8221;default&#8221; global_colors_info=&#8221;{}&#8221;][\/et_pb_image][\/et_pb_column][et_pb_column type=&#8221;1_5&#8243; _builder_version=&#8221;4.20.4&#8243; _module_preset=&#8221;default&#8221; global_colors_info=&#8221;{}&#8221;][et_pb_image src=&#8221;https:\/\/arel.ro\/ro\/wp-content\/uploads\/2023\/07\/evl-logo-subheader.png&#8221; alt=&#8221;https:\/\/www.eurovial.ro\/&#8221; title_text=&#8221;evl-logo-subheader&#8221; url=&#8221;https:\/\/www.eurovial.ro\/&#8221; url_new_window=&#8221;on&#8221; align=&#8221;center&#8221; _builder_version=&#8221;4.20.4&#8243; _module_preset=&#8221;default&#8221; global_colors_info=&#8221;{}&#8221;][\/et_pb_image][\/et_pb_column][et_pb_column type=&#8221;1_5&#8243; _builder_version=&#8221;4.20.4&#8243; _module_preset=&#8221;default&#8221; global_colors_info=&#8221;{}&#8221;][et_pb_image src=&#8221;https:\/\/arel.ro\/ro\/wp-content\/uploads\/2023\/07\/schneider_1.png&#8221; alt=&#8221;https:\/\/www.schneider-electric.info.ro\/&#8221; title_text=&#8221;schneider_1&#8243; url=&#8221;https:\/\/www.se.com\/ro\/ro\/&#8221; url_new_window=&#8221;on&#8221; align=&#8221;center&#8221; _builder_version=&#8221;4.21.0&#8243; _module_preset=&#8221;default&#8221; global_colors_info=&#8221;{}&#8221;][\/et_pb_image][\/et_pb_column][\/et_pb_row][et_pb_row column_structure=&#8221;1_6,1_6,1_6,1_6,1_6,1_6&#8243; use_custom_gutter=&#8221;on&#8221; _builder_version=&#8221;4.20.4&#8243; _module_preset=&#8221;default&#8221; background_size=&#8221;contain&#8221; global_colors_info=&#8221;{}&#8221;][et_pb_column type=&#8221;1_6&#8243; _builder_version=&#8221;4.20.4&#8243; _module_preset=&#8221;default&#8221; background_image=&#8221;https:\/\/arel.ro\/ro\/wp-content\/uploads\/2023\/07\/sonel_logo.png&#8221; link_option_url_new_window=&#8221;on&#8221; global_colors_info=&#8221;{}&#8221;][et_pb_image src=&#8221;https:\/\/arel.ro\/ro\/wp-content\/uploads\/2023\/07\/CONSOLIGHT-logo-blue-300&#215;148-1.jpg&#8221; alt=&#8221;https:\/\/consolight.ro\/website\/&#8221; title_text=&#8221;CONSOLIGHT-logo-blue-300&#215;148-1&#8243; url=&#8221;https:\/\/consolight.ro\/website\/&#8221; url_new_window=&#8221;on&#8221; align=&#8221;center&#8221; _builder_version=&#8221;4.20.4&#8243; _module_preset=&#8221;default&#8221; global_colors_info=&#8221;{}&#8221;][\/et_pb_image][\/et_pb_column][et_pb_column type=&#8221;1_6&#8243; _builder_version=&#8221;4.20.4&#8243; _module_preset=&#8221;default&#8221; global_colors_info=&#8221;{}&#8221;][et_pb_image src=&#8221;https:\/\/arel.ro\/ro\/wp-content\/uploads\/2023\/07\/eaton-logo-small-150&#215;57-1.png&#8221; alt=&#8221;https:\/\/www.eaton.com\/ro\/ro-ro.html&#8221; title_text=&#8221;eaton-logo-small-150&#215;57&#8243; url=&#8221;https:\/\/www.eaton.com\/ro\/ro-ro.html&#8221; url_new_window=&#8221;on&#8221; align=&#8221;center&#8221; _builder_version=&#8221;4.20.4&#8243; _module_preset=&#8221;default&#8221; global_colors_info=&#8221;{}&#8221;][\/et_pb_image][\/et_pb_column][et_pb_column type=&#8221;1_6&#8243; _builder_version=&#8221;4.20.4&#8243; _module_preset=&#8221;default&#8221; global_colors_info=&#8221;{}&#8221;][et_pb_image src=&#8221;https:\/\/arel.ro\/ro\/wp-content\/uploads\/2023\/07\/smartsoft-1.jpg&#8221; alt=&#8221;https:\/\/www.smarsoft.ro\/&#8221; title_text=&#8221;smartsoft-1&#8243; url=&#8221;https:\/\/www.smarsoft.ro\/&#8221; url_new_window=&#8221;on&#8221; align=&#8221;center&#8221; _builder_version=&#8221;4.20.4&#8243; _module_preset=&#8221;default&#8221; global_colors_info=&#8221;{}&#8221;][\/et_pb_image][\/et_pb_column][et_pb_column type=&#8221;1_6&#8243; _builder_version=&#8221;4.20.4&#8243; _module_preset=&#8221;default&#8221; global_colors_info=&#8221;{}&#8221;][et_pb_image src=&#8221;https:\/\/arel.ro\/ro\/wp-content\/uploads\/2023\/07\/logo_recolamp_partener.jpg&#8221; alt=&#8221;https:\/\/recolamp.ro\/&#8221; title_text=&#8221;logo_recolamp_partener&#8221; url=&#8221;https:\/\/recolamp.ro\/&#8221; url_new_window=&#8221;on&#8221; align=&#8221;center&#8221; _builder_version=&#8221;4.20.4&#8243; _module_preset=&#8221;default&#8221; global_colors_info=&#8221;{}&#8221;][\/et_pb_image][\/et_pb_column][et_pb_column type=&#8221;1_6&#8243; _builder_version=&#8221;4.20.4&#8243; _module_preset=&#8221;default&#8221; global_colors_info=&#8221;{}&#8221;][et_pb_image src=&#8221;https:\/\/arel.ro\/ro\/wp-content\/uploads\/2023\/07\/logo-euroexpo.jpg&#8221; alt=&#8221;https:\/\/www.euroexpo.ro\/&#8221; title_text=&#8221;logo-euroexpo&#8221; url=&#8221;https:\/\/www.euroexpo.ro\/&#8221; url_new_window=&#8221;on&#8221; align=&#8221;center&#8221; _builder_version=&#8221;4.20.4&#8243; _module_preset=&#8221;default&#8221; global_colors_info=&#8221;{}&#8221;][\/et_pb_image][\/et_pb_column][et_pb_column type=&#8221;1_6&#8243; _builder_version=&#8221;4.20.4&#8243; _module_preset=&#8221;default&#8221; global_colors_info=&#8221;{}&#8221;][et_pb_image src=&#8221;https:\/\/arel.ro\/ro\/wp-content\/uploads\/2023\/11\/afor_ro.png&#8221; alt=&#8221;https:\/\/afor.ro\/&#8221; title_text=&#8221;afor_ro&#8221; url=&#8221;https:\/\/afor.ro\/&#8221; url_new_window=&#8221;on&#8221; align=&#8221;center&#8221; _builder_version=&#8221;4.22.2&#8243; _module_preset=&#8221;default&#8221; background_color=&#8221;#FFFFFF&#8221; background_enable_image=&#8221;off&#8221; background_size=&#8221;contain&#8221; min_height=&#8221;33px&#8221; locked=&#8221;off&#8221; global_colors_info=&#8221;{}&#8221;][\/et_pb_image][\/et_pb_column][\/et_pb_row][et_pb_row column_structure=&#8221;1_6,1_6,1_6,1_6,1_6,1_6&#8243; use_custom_gutter=&#8221;on&#8221; _builder_version=&#8221;4.20.4&#8243; _module_preset=&#8221;default&#8221; background_size=&#8221;contain&#8221; locked=&#8221;off&#8221; global_colors_info=&#8221;{}&#8221;][et_pb_column type=&#8221;1_6&#8243; _builder_version=&#8221;4.20.4&#8243; _module_preset=&#8221;default&#8221; background_image=&#8221;https:\/\/arel.ro\/ro\/wp-content\/uploads\/2023\/07\/sonel_logo.png&#8221; link_option_url_new_window=&#8221;on&#8221; global_colors_info=&#8221;{}&#8221;][et_pb_image src=&#8221;https:\/\/arel.ro\/ro\/wp-content\/uploads\/2024\/05\/RoElectric.jpg&#8221; alt=&#8221;RoElectric&#8221; title_text=&#8221;RoElectric&#8221; url=&#8221;http:\/\/roelectric.ro&#8221; _builder_version=&#8221;4.27.0&#8243; _module_preset=&#8221;default&#8221; global_colors_info=&#8221;{}&#8221;][\/et_pb_image][\/et_pb_column][et_pb_column type=&#8221;1_6&#8243; _builder_version=&#8221;4.20.4&#8243; _module_preset=&#8221;default&#8221; global_colors_info=&#8221;{}&#8221;][et_pb_image alt=&#8221;https:\/\/www.eaton.com\/ro\/ro-ro.html&#8221; title_text=&#8221;eaton-logo-small-150&#215;57&#8243; url_new_window=&#8221;on&#8221; align=&#8221;center&#8221; _builder_version=&#8221;4.27.0&#8243; _module_preset=&#8221;default&#8221; global_colors_info=&#8221;{}&#8221;][\/et_pb_image][\/et_pb_column][et_pb_column type=&#8221;1_6&#8243; _builder_version=&#8221;4.20.4&#8243; _module_preset=&#8221;default&#8221; global_colors_info=&#8221;{}&#8221;][et_pb_image alt=&#8221;https:\/\/www.smarsoft.ro\/&#8221; title_text=&#8221;smartsoft-1&#8243; url_new_window=&#8221;on&#8221; align=&#8221;center&#8221; _builder_version=&#8221;4.27.0&#8243; _module_preset=&#8221;default&#8221; global_colors_info=&#8221;{}&#8221;][\/et_pb_image][\/et_pb_column][et_pb_column type=&#8221;1_6&#8243; _builder_version=&#8221;4.20.4&#8243; _module_preset=&#8221;default&#8221; global_colors_info=&#8221;{}&#8221;][et_pb_image alt=&#8221;https:\/\/recolamp.ro\/&#8221; title_text=&#8221;logo_recolamp_partener&#8221; url_new_window=&#8221;on&#8221; align=&#8221;center&#8221; _builder_version=&#8221;4.27.0&#8243; _module_preset=&#8221;default&#8221; global_colors_info=&#8221;{}&#8221;][\/et_pb_image][\/et_pb_column][et_pb_column type=&#8221;1_6&#8243; _builder_version=&#8221;4.20.4&#8243; _module_preset=&#8221;default&#8221; global_colors_info=&#8221;{}&#8221;][et_pb_image alt=&#8221;https:\/\/www.euroexpo.ro\/&#8221; title_text=&#8221;logo-euroexpo&#8221; url_new_window=&#8221;on&#8221; align=&#8221;center&#8221; _builder_version=&#8221;4.27.0&#8243; _module_preset=&#8221;default&#8221; global_colors_info=&#8221;{}&#8221;][\/et_pb_image][\/et_pb_column][et_pb_column type=&#8221;1_6&#8243; _builder_version=&#8221;4.20.4&#8243; _module_preset=&#8221;default&#8221; global_colors_info=&#8221;{}&#8221;][et_pb_image alt=&#8221;universitatea-politehnica-timisoara&#8221; title_text=&#8221;universitatea-politehnica-timisoara&#8221; url_new_window=&#8221;on&#8221; align=&#8221;center&#8221; _builder_version=&#8221;4.27.0&#8243; _module_preset=&#8221;default&#8221; global_colors_info=&#8221;{}&#8221;][\/et_pb_image][\/et_pb_column][\/et_pb_row][\/et_pb_section][et_pb_section fb_built=&#8221;1&#8243; _builder_version=&#8221;4.22.1&#8243; _module_preset=&#8221;default&#8221; locked=&#8221;off&#8221; global_colors_info=&#8221;{}&#8221;][et_pb_row column_structure=&#8221;1_4,1_4,1_4,1_4&#8243; _builder_version=&#8221;4.22.1&#8243; _module_preset=&#8221;default&#8221; global_colors_info=&#8221;{}&#8221;][et_pb_column type=&#8221;1_4&#8243; _builder_version=&#8221;4.22.1&#8243; _module_preset=&#8221;default&#8221; global_colors_info=&#8221;{}&#8221;][\/et_pb_column][et_pb_column type=&#8221;1_4&#8243; _builder_version=&#8221;4.22.1&#8243; _module_preset=&#8221;default&#8221; global_colors_info=&#8221;{}&#8221;][\/et_pb_column][et_pb_column type=&#8221;1_4&#8243; _builder_version=&#8221;4.22.1&#8243; _module_preset=&#8221;default&#8221; global_colors_info=&#8221;{}&#8221;][et_pb_blurb title=&#8221;Solutionarea litigiilor ANPC&#8221; url=&#8221;https:\/\/anpc.ro\/ce-este-sal\/&#8221; url_new_window=&#8221;on&#8221; image=&#8221;https:\/\/arel.ro\/ro\/wp-content\/uploads\/2023\/08\/B_ANPC-Te-Respecta-RO-1b.jpg&#8221; alt=&#8221;ANPC&#8221; _builder_version=&#8221;4.22.1&#8243; _module_preset=&#8221;default&#8221; global_colors_info=&#8221;{}&#8221;]<\/p>\n<p>Solutionarea litigiilor ANPC<\/p>\n<p>[\/et_pb_blurb][\/et_pb_column][et_pb_column type=&#8221;1_4&#8243; _builder_version=&#8221;4.22.1&#8243; _module_preset=&#8221;default&#8221; global_colors_info=&#8221;{}&#8221;][et_pb_blurb title=&#8221;Solutionarea litigiilor Comisia Europeana&#8221; url=&#8221;https:\/\/ec.europa.eu\/consumers\/odr\/main\/?event=main.home2.show&#8221; url_new_window=&#8221;on&#8221; image=&#8221;https:\/\/arel.ro\/ro\/wp-content\/uploads\/2023\/08\/logo-ec-mute-1b.jpg&#8221; alt=&#8221;Solutionarea litigiilor Comisia Europeana&#8221; _builder_version=&#8221;4.22.1&#8243; _module_preset=&#8221;default&#8221; link_option_url=&#8221;https:\/\/ec.europa.eu\/consumers\/odr\/main\/?event=main.home2.show&#8221; link_option_url_new_window=&#8221;on&#8221; global_colors_info=&#8221;{}&#8221;]<\/p>\n<p>Solutionarea litigiilor Comisia Europeana<\/p>\n<p>[\/et_pb_blurb][\/et_pb_column][\/et_pb_row][\/et_pb_section]<\/p>\n","protected":false},"excerpt":{"rendered":"<p>Seminarul tehnic este organizat impreuna cu furnizorii SOLAR MD (Africa de Sud) MEGAREVO (China).Seminarul se va desfasura in data de 18 septembrie 2024, incepand cu ora 10:30Locatia de desfasurare este sediul AREL din Bucuresti, Sos. Oltenitei 225A, sectorul 4,in incinta CIAF &#8211; Centrul Incubator de Afaceri, Sala Mare. Obiectivele evenimentului: Elemente legislative ale momentului in [&hellip;]<\/p>\n","protected":false},"author":1,"featured_media":0,"parent":0,"menu_order":0,"comment_status":"closed","ping_status":"closed","template":"page-template-blank.php","meta":{"_et_pb_use_builder":"on","_et_pb_old_content":"","_et_gb_content_width":"","footnotes":""},"class_list":["post-234","page","type-page","status-publish","hentry"],"_links":{"self":[{"href":"https:\/\/arel.ro\/ro\/wp-json\/wp\/v2\/pages\/234","targetHints":{"allow":["GET"]}}],"collection":[{"href":"https:\/\/arel.ro\/ro\/wp-json\/wp\/v2\/pages"}],"about":[{"href":"https:\/\/arel.ro\/ro\/wp-json\/wp\/v2\/types\/page"}],"author":[{"embeddable":true,"href":"https:\/\/arel.ro\/ro\/wp-json\/wp\/v2\/users\/1"}],"replies":[{"embeddable":true,"href":"https:\/\/arel.ro\/ro\/wp-json\/wp\/v2\/comments?post=234"}],"version-history":[{"count":33,"href":"https:\/\/arel.ro\/ro\/wp-json\/wp\/v2\/pages\/234\/revisions"}],"predecessor-version":[{"id":1993,"href":"https:\/\/arel.ro\/ro\/wp-json\/wp\/v2\/pages\/234\/revisions\/1993"}],"wp:attachment":[{"href":"https:\/\/arel.ro\/ro\/wp-json\/wp\/v2\/media?parent=234"}],"curies":[{"name":"wp","href":"https:\/\/api.w.org\/{rel}","templated":true}]}}